{"id":349769,"date":"2020-09-25T19:10:07","date_gmt":"2020-09-25T19:10:07","guid":{"rendered":"https:\/\/www.campolinacantoverde.com.br\/home\/?page_id=349769"},"modified":"2022-03-31T23:20:47","modified_gmt":"2022-03-31T23:20:47","slug":"nova-geracao","status":"publish","type":"page","link":"https:\/\/www.campolinacantoverde.com.br\/home\/nova-geracao\/","title":{"rendered":"Nova Gera\u00e7\u00e3o"},"content":{"rendered":"<section class=\"wpb-content-wrapper\"><p>[vc_row css=&#8221;.vc_custom_1585607116328{background-color: #f5f5f5 !important;}&#8221;][vc_column][vc_empty_space height=&#8221;50px&#8221;][vc_custom_heading text=&#8221;NOVA GERA\u00c7\u00c3O &#8211; COMO PENSAMOS NOSSA SELE\u00c7\u00c3O&#8221; font_container=&#8221;tag:h1|text_align:center&#8221; use_theme_fonts=&#8221;yes&#8221; css_animation=&#8221;fadeInUp&#8221;][vc_column_text css=&#8221;.vc_custom_1601331271123{padding-bottom: 25px !important;}&#8221;]<\/p>\n<p class=\"p1\" style=\"text-align: justify;\"><span class=\"s1\">O processo de sele\u00e7\u00e3o do nosso criat\u00f3rio estar\u00e1 sempre atrelado ao desenvolvimento da equideocultura da Ra\u00e7a Campolina e ir\u00e1 seguir os conceitos descritos no padr\u00e3o racial assinalado pelo CDT no MAPA. Mudan\u00e7as podem acontecer para um bem geral da m\u00e9dia da tropa campolina em territ\u00f3rio nacional, por\u00e9m o grande equil\u00edbrio \u00e9 o olho do criador (selecionador). \u00c9 imperativo que o cavalo agrade ao titular do criat\u00f3rio.<\/span><\/p>\n<p class=\"p1\" style=\"text-align: justify;\"><span class=\"s1\">Sendo assim, focamos no desenvolvimento de um padr\u00e3o racial e do aperfei\u00e7oamento zoot\u00e9cnico em tr\u00eas jun\u00e7\u00f5es, que formam um tri\u00e2ngulo equil\u00e1tero com base no andamento, na morfologia e no temperamento. Para lembrarmos disso no nosso dia-a-dia discutimos sempre o que chamamos de sele\u00e7\u00e3o RMT (Ra\u00e7a, Marcha e Temperamento), por\u00e9m criamos os 10 pilares de sele\u00e7\u00e3o dentro do criat\u00f3rio Campolina Canto Verde, que s\u00e3o os seguintes:<\/span><\/p>\n<p>[\/vc_column_text][vc_row_inner][vc_column_inner width=&#8221;1\/2&#8243;][vc_column_text]<\/p>\n<ul class=\"ol1\">\n<li class=\"li1\" style=\"text-align: justify;\"><span class=\"s1\">O <strong>primeiro pilar<\/strong> deve ser a <b>paix\u00e3o<\/b> do criador pela ra\u00e7a e a admira\u00e7\u00e3o pelo que j\u00e1 foi feito ao longo dos anos, visto ser este um processo de melhoramento zoot\u00e9cnico. Nossa tropa do futuro precisa estar melhor do que a do passado, ano ap\u00f3s ano.<\/span><\/li>\n<li class=\"li1\" style=\"text-align: justify;\"><span class=\"s1\">O <strong>segundo pilar<\/strong> \u00e9 o profundo <b>conhecimento<\/b> das principais linhagens da ra\u00e7a no que se refere a morfologia, ao andamento e ao temperamento.<\/span><\/li>\n<li class=\"li1\" style=\"text-align: justify;\"><span class=\"s1\">O <strong>terceiro pilar<\/strong> deve ser o <b>senso cr\u00edtico<\/b>, saber os defeitos da pr\u00f3pria tropa seja em qualquer um dos t\u00f3picos; ra\u00e7a, andamento e temperamento.<\/span><\/li>\n<li class=\"li1\" style=\"text-align: justify;\"><span class=\"s1\">O <strong>quarto pilar<\/strong> \u00e9 a <b>pesquisa<\/b> pelos principais animais da ra\u00e7a (garanh\u00f5es ou matrizes), na atualidade, identificados por n\u00f3s como animais que agradariam a nossa fam\u00edlia.<\/span><\/li>\n<li class=\"li1\" style=\"text-align: justify;\"><span class=\"s1\">O <strong>quinto pilar<\/strong> \u00e9 a sele\u00e7\u00e3o do <b>animal funcional<\/b>. Nossos animais precisam ter equil\u00edbrio e serem bons de sela.<\/span><\/li>\n<\/ul>\n<p>[\/vc_column_text][\/vc_column_inner][vc_column_inner width=&#8221;1\/2&#8243;][vc_column_text]<\/p>\n<ul class=\"ol2\">\n<li class=\"li6\" style=\"text-align: justify;\"><span class=\"s1\">O <strong>sexto pilar<\/strong> \u00e9 a persist\u00eancia no desenvolvimento da <b>marcha<\/b>, seja batida ou picada, mas necessariamente boa para quem monta. <\/span><\/li>\n<li class=\"li1\" style=\"text-align: justify;\"><span class=\"s1\">O <strong>s\u00e9timo pilar<\/strong> representa a busca por <b>animais proporcionais<\/b>, que prevale\u00e7am o porte atl\u00e9tico, grandes, equilibrados e muito bonitos. Queremos animais que n\u00e3o nos cansem ao admir\u00e1-los pela profunda beleza.<\/span><\/li>\n<li class=\"li1\" style=\"text-align: justify;\"><span class=\"s1\">O <strong>oitavo pilar<\/strong> \u00e9 a <b>paci\u00eancia<\/b> pois entendemos que cada animal possui seu tempo.<\/span><\/li>\n<li class=\"li1\" style=\"text-align: justify;\"><span class=\"s1\">O <strong>nono pilar<\/strong> \u00e9 a <b>\u00edndole<\/b>, como queremos um animal para nossa fam\u00edlia eles precisam ser calmos no ch\u00e3o, por\u00e9m com temperamento na sela.<\/span><\/li>\n<li class=\"li1\" style=\"text-align: justify;\"><span class=\"s1\">O <strong>d\u00e9cimo pilar<\/strong> \u00e9 a <b>uni\u00e3o<\/b>, isto \u00e9, ter meus filhos e esposa juntos comigo neste processo de sele\u00e7\u00e3o, a palavra deles sempre contar\u00e1.<\/span><\/li>\n<\/ul>\n<p>[\/vc_column_text][\/vc_column_inner][\/vc_row_inner][\/vc_column][\/vc_row][vc_row][vc_column][vc_custom_heading text=&#8221;ACASALAMENTOS&#8221; font_container=&#8221;tag:h2|text_align:center|color:%23dd9933&#8243; use_theme_fonts=&#8221;yes&#8221;][vc_row_inner equal_height=&#8221;yes&#8221; content_placement=&#8221;top&#8221; gap=&#8221;5&#8243;][vc_column_inner width=&#8221;1\/2&#8243;][vc_single_image image=&#8221;349775&#8243; img_size=&#8221;large&#8221; alignment=&#8221;center&#8221; css_animation=&#8221;fadeInUp&#8221;][vc_button color=&#8221;up_btn-d&#8221; align=&#8221;center&#8221; title=&#8221;FICHA DO ANIMAL&#8221; href=&#8221;https:\/\/www.campolinacantoverde.com.br\/home\/wp-content\/uploads\/2020\/09\/Ficha_do_Animal_-_Destroyer_do_Santo_Antnio.pdf&#8221;][vc_column_text]<\/p>\n<h3 style=\"text-align: center;\"><strong>Destroyer do Santo Ant\u00f4nio<\/strong><\/h3>\n<p><span style=\"font-weight: 400;\">Multicampe\u00e3o e grande da ra\u00e7a (2015). Confirmado no cabresto e montado fez hist\u00f3ria na \u00faltima Nacional onde fez seus filhos campe\u00f5es Nacional.<\/span>[\/vc_column_text][\/vc_column_inner][vc_column_inner width=&#8221;1\/2&#8243;][vc_single_image image=&#8221;349314&#8243; img_size=&#8221;large&#8221; alignment=&#8221;center&#8221; css_animation=&#8221;fadeInUp&#8221;][vc_button color=&#8221;up_btn-d&#8221; align=&#8221;center&#8221; title=&#8221;FICHA DO ANIMAL&#8221; href=&#8221;https:\/\/www.campolinacantoverde.com.br\/home\/wp-content\/uploads\/2020\/02\/Ficha_do_Animal_-_Havana_do_Modelo.pdf&#8221;][vc_column_text]<\/p>\n<h3 style=\"text-align: center;\"><strong>Havana do Modelo<\/strong><\/h3>\n<p>Nossa pampa de lobuna, linda, muito bem estruturada ganhou tudo no cabresto e esta vindo forte como nossa matriz. Perfei\u00e7\u00e3o em express\u00e3o racial com um temperamento diferenciado para os cavalos de sela.[\/vc_column_text][\/vc_column_inner][\/vc_row_inner][vc_row_inner][vc_column_inner][vc_column_text css=&#8221;.vc_custom_1648768788130{padding-top: 25px !important;padding-right: 25px !important;padding-bottom: 25px !important;padding-left: 25px !important;background-color: #cb715b !important;}&#8221;]<span style=\"font-size: 14pt;\">Acreditamos muito neste cruzamento, pensado e pesquisado durante muito tempo. O melhoramento da ra\u00e7a com foco na sele\u00e7\u00e3o de animais completos, funcionais e bonitos tem neste cruzamento nossa ess\u00eancia.<\/span><\/p>\n<p class=\"text-center\" style=\"text-align: center;\"><span style=\"font-size: 14pt;\"><strong>PREVIS\u00c3O DE NASCIMENTO: <\/strong>26\/09\/2020<\/span><\/p>\n<p>[\/vc_column_text][\/vc_column_inner][\/vc_row_inner][\/vc_column][\/vc_row][vc_row][vc_column][vc_row_inner equal_height=&#8221;yes&#8221; content_placement=&#8221;top&#8221; gap=&#8221;5&#8243;][vc_column_inner width=&#8221;1\/2&#8243;][vc_single_image image=&#8221;349822&#8243; img_size=&#8221;large&#8221; alignment=&#8221;center&#8221; css_animation=&#8221;fadeInUp&#8221;][vc_button color=&#8221;up_btn-d&#8221; align=&#8221;center&#8221; title=&#8221;FICHA DO ANIMAL&#8221; href=&#8221;https:\/\/www.campolinacantoverde.com.br\/home\/wp-content\/uploads\/2020\/09\/Ficha_do_Animal_-_Astral_do_G.D.F.-1.pdf&#8221;][vc_column_text]<\/p>\n<h3 style=\"text-align: center;\"><strong>Astral do GDF<\/strong><\/h3>\n<p><span style=\"font-weight: 400;\">Um garanh\u00e3o \u00e0 frente de seu tempo. Foi grande da ra\u00e7a e campe\u00e3o Nacional de marcha e conseguiu fazer seu filho, tamb\u00e9m, um grande campe\u00e3o. Dissociado e perto do ch\u00e3o j\u00e1 possui mais de 110 filhos registrados na ra\u00e7a. Comprovado em pista e em sua prog\u00eanie foi escolhido para ser a cabeceira de nossa gera\u00e7\u00e3o Canto Verde. A sele\u00e7\u00e3o de temperamento e marcha se faz com animais desta grandeza.<\/span>[\/vc_column_text][\/vc_column_inner][vc_column_inner width=&#8221;1\/2&#8243;][vc_single_image image=&#8221;349303&#8243; img_size=&#8221;large&#8221; alignment=&#8221;center&#8221; css_animation=&#8221;fadeInUp&#8221;][vc_button color=&#8221;up_btn-d&#8221; align=&#8221;center&#8221; title=&#8221;FICHA DO ANIMAL&#8221; href=&#8221;https:\/\/www.campolinacantoverde.com.br\/home\/wp-content\/uploads\/2020\/02\/Ficha_do_Animal_-_Obscena_da_Hibipeba.pdf&#8221;][vc_column_text]<\/p>\n<h3 style=\"text-align: center;\"><strong>Obscena da Hibipeba<\/strong><\/h3>\n<p style=\"text-align: justify;\"><span style=\"font-weight: 400;\">Obscena da Hibipeba sem palavras para descrever por completo o que ela nos representa. Para quem presta aten\u00e7\u00e3o nas coisas ver\u00e3o que ela \u00e9 a representa\u00e7\u00e3o do nosso criat\u00f3rio e esta imortalizada em nosso logo. Multicampe\u00e3, de uma propor\u00e7\u00e3o invej\u00e1vel al\u00e9m de um temperamento \u00fanico. A \u00e9gua dos sonhos e um prot\u00f3tipo da ra\u00e7a em nossa vis\u00e3o.<\/span><\/p>\n<p>[\/vc_column_text][\/vc_column_inner][\/vc_row_inner][vc_row_inner][vc_column_inner][vc_column_text css=&#8221;.vc_custom_1648768799406{padding-top: 25px !important;padding-right: 25px !important;padding-bottom: 25px !important;padding-left: 25px !important;background-color: #cb715b !important;}&#8221;]<span style=\"font-weight: 400; font-size: 14pt;\">Acreditamos muito neste cruzamento. Animais extremamente dissociados e que possuem a marcha como ess\u00eancia. Morfologia ideal associado ao andamento. Certeza de sucesso.<\/span><\/p>\n<p class=\"text-center\" style=\"text-align: center;\"><span style=\"font-size: 14pt;\"><strong>PREVIS\u00c3O DE NASCIMENTO: <\/strong>20\/10\/2020<\/span><\/p>\n<p>[\/vc_column_text][\/vc_column_inner][\/vc_row_inner][\/vc_column][\/vc_row][vc_row css=&#8221;.vc_custom_1601304877358{background-color: #f9f9f9 !important;}&#8221;][vc_column][vc_row_inner equal_height=&#8221;yes&#8221; content_placement=&#8221;top&#8221; gap=&#8221;5&#8243;][vc_column_inner width=&#8221;1\/2&#8243;][vc_single_image image=&#8221;349775&#8243; img_size=&#8221;large&#8221; alignment=&#8221;center&#8221; css_animation=&#8221;fadeInUp&#8221;][vc_button color=&#8221;up_btn-d&#8221; align=&#8221;center&#8221; title=&#8221;FICHA DO ANIMAL&#8221; href=&#8221;https:\/\/www.campolinacantoverde.com.br\/home\/wp-content\/uploads\/2020\/09\/Ficha_do_Animal_-_Destroyer_do_Santo_Antnio.pdf&#8221;][vc_column_text]<\/p>\n<h3 style=\"text-align: center;\"><strong>Destroyer do Santo Ant\u00f4nio<\/strong><\/h3>\n<p>Multicampe\u00e3o e grande da ra\u00e7a (2015). Confirmado no cabresto e montado fez hist\u00f3ria na \u00faltima Nacional onde fez seus filhos campe\u00f5es Nacional.[\/vc_column_text][\/vc_column_inner][vc_column_inner width=&#8221;1\/2&#8243;][vc_single_image image=&#8221;349307&#8243; img_size=&#8221;large&#8221; alignment=&#8221;center&#8221; css_animation=&#8221;fadeInUp&#8221;][vc_button color=&#8221;up_btn-d&#8221; align=&#8221;center&#8221; title=&#8221;FICHA DO ANIMAL&#8221; href=&#8221;https:\/\/www.campolinacantoverde.com.br\/home\/wp-content\/uploads\/2020\/03\/Ficha_do_Animal_-_Xantia_do_R.N..pdf&#8221;][vc_column_text]<\/p>\n<h3 style=\"text-align: center;\"><strong>Xantia do RN<\/strong><\/h3>\n<p style=\"text-align: justify;\"><span style=\"font-weight: 400;\">Xantia do RN nada menos que gen\u00e9tica das mais campe\u00e3s da Ra\u00e7a. Irm\u00e3 pr\u00f3pria da Quimoleka de S\u00e3o Judas. Animal reunido, quadrado, com excelentes aprumos e um conjunto de frente de dar inveja. Passa ra\u00e7a e temperamento de sobra.<\/span><\/p>\n<p>[\/vc_column_text][\/vc_column_inner][\/vc_row_inner][vc_row_inner][vc_column_inner][vc_column_text css=&#8221;.vc_custom_1648768811313{padding-top: 25px !important;padding-right: 25px !important;padding-bottom: 25px !important;padding-left: 25px !important;background-color: #cb715b !important;}&#8221;]<span style=\"font-weight: 400; font-size: 14pt;\">Aqui mora a grande expectativa. Em sua primeira gesta\u00e7\u00e3o e j\u00e1 possuidora de filhos campe\u00f5es nacionais acreditamos que a Xantia x Destroyer poder\u00e1 trazer grande evolu\u00e7\u00e3o para a Ra\u00e7a.<\/span><\/p>\n<p class=\"text-center\" style=\"text-align: center;\"><span style=\"font-size: 14pt;\"><strong>PREVIS\u00c3O DE NASCIMENTO: <\/strong>12\/01\/2021<\/span><\/p>\n<p>[\/vc_column_text][\/vc_column_inner][\/vc_row_inner][\/vc_column][\/vc_row][vc_row][vc_column][vc_row_inner equal_height=&#8221;yes&#8221; content_placement=&#8221;top&#8221; gap=&#8221;5&#8243;][vc_column_inner width=&#8221;1\/2&#8243;][vc_single_image image=&#8221;349819&#8243; img_size=&#8221;large&#8221; alignment=&#8221;center&#8221; css_animation=&#8221;fadeInUp&#8221;][vc_button color=&#8221;up_btn-d&#8221; align=&#8221;center&#8221; title=&#8221;FICHA DO ANIMAL&#8221; href=&#8221;https:\/\/www.campolinacantoverde.com.br\/home\/wp-content\/uploads\/2020\/04\/Ficha_do_Animal_-_Teleco_de_So_Joo.pdf&#8221;][vc_column_text]<\/p>\n<h3 style=\"text-align: center;\"><strong>Teleco de S\u00e3o Jo\u00e3o<\/strong><\/h3>\n<p style=\"text-align: justify;\"><b><br \/>\n<\/b><span style=\"font-weight: 400;\">Animal jovem, com um padr\u00e3o de sela muito desej\u00e1vel, bi-campe\u00e3o nacional e que acreditamos em seu potencial como padreador na ra\u00e7a.<\/span>[\/vc_column_text][\/vc_column_inner][vc_column_inner width=&#8221;1\/2&#8243;][vc_single_image image=&#8221;349318&#8243; img_size=&#8221;large&#8221; alignment=&#8221;center&#8221; css_animation=&#8221;fadeInUp&#8221;][vc_button color=&#8221;up_btn-d&#8221; align=&#8221;center&#8221; title=&#8221;FICHA DO ANIMAL&#8221; href=&#8221;https:\/\/www.campolinacantoverde.com.br\/home\/wp-content\/uploads\/2020\/02\/Ficha_do_Animal_-_Mnifa_da_Hibipeba-1.pdf&#8221;][vc_column_text]<\/p>\n<h3 style=\"text-align: center;\"><strong>Monifa da Hibipeba<\/strong><\/h3>\n<p style=\"text-align: justify;\"><span style=\"font-weight: 400;\">Muiticampe\u00e3 progenie de m\u00e3e com diversos filhos campe\u00f5es nacionais. Extremamente marchada e com tronco e garupa invej\u00e1veis. Gen\u00e9tica de sobra nesta matriz.<\/span><\/p>\n<p>[\/vc_column_text][\/vc_column_inner][\/vc_row_inner][vc_row_inner][vc_column_inner][vc_column_text css=&#8221;.vc_custom_1648768820706{padding-top: 25px !important;padding-right: 25px !important;padding-bottom: 25px !important;padding-left: 25px !important;background-color: #cb715b !important;}&#8221;]<\/p>\n<p style=\"text-align: justify;\"><span style=\"font-weight: 400; font-size: 14pt;\">Nossas expectativas s\u00e3o grandes pois acreditamos muito neste tipo de cruzamento, n\u00e3o s\u00f3 na refer\u00eancia de morfologia mas tamb\u00e9m no que se refere ao andamento.<\/span><\/p>\n<p class=\"text-center\" style=\"text-align: center;\"><span style=\"font-size: 14pt;\"><strong>PREVIS\u00c3O DE NASCIMENTO: <\/strong>30\/04\/2021<\/span><\/p>\n<p>[\/vc_column_text][\/vc_column_inner][\/vc_row_inner][\/vc_column][\/vc_row][vc_row][vc_column][vc_empty_space][\/vc_column][\/vc_row]<\/p>\n<\/section>","protected":false},"excerpt":{"rendered":"<p>[vc_row css=&#8221;.vc_custom_1585607116328{background-color: #f5f5f5 !important;}&#8221;][vc_column][vc_empty_space height=&#8221;50px&#8221;][vc_custom_heading text=&#8221;NOVA GERA\u00c7\u00c3O &#8211; COMO PENSAMOS NOSSA SELE\u00c7\u00c3O&#8221; font_container=&#8221;tag:h1|text_align:center&#8221; use_theme_fonts=&#8221;yes&#8221; css_animation=&#8221;fadeInUp&#8221;][vc_column_text css=&#8221;.vc_custom_1601331271123{padding-bottom: 25px !important;}&#8221;] O processo de sele\u00e7\u00e3o do nosso criat\u00f3rio estar\u00e1 sempre atrelado ao desenvolvimento da equideocultura da Ra\u00e7a Campolina e ir\u00e1 seguir os conceitos descritos no padr\u00e3o racial assinalado pelo CDT no MAPA. Mudan\u00e7as podem acontecer para um bem geral da m\u00e9dia da tropa campolina em territ\u00f3rio nacional, por\u00e9m o grande equil\u00edbrio \u00e9 o olho do criador (selecionador). \u00c9 imperativo que o cavalo agrade ao titular do criat\u00f3rio. Sendo assim, focamos no desenvolvimento de um padr\u00e3o racial e do aperfei\u00e7oamento zoot\u00e9cnico em tr\u00eas jun\u00e7\u00f5es, &hellip; <a href=\"https:\/\/www.campolinacantoverde.com.br\/home\/nova-geracao\/\">Continued<\/a><\/p>\n","protected":false},"author":1,"featured_media":0,"parent":0,"menu_order":0,"comment_status":"closed","ping_status":"closed","template":"page-fullwidth.php","meta":{"footnotes":""},"class_list":["post-349769","page","type-page","status-publish","hentry"],"yoast_head":"<!-- This site is optimized with the Yoast SEO plugin v20.2.1 - https:\/\/yoast.com\/wordpress\/plugins\/seo\/ -->\n<title>Nova Gera\u00e7\u00e3o - Campolina Canto Verde<\/title>\n<meta name=\"robots\" content=\"noindex, follow, max-snippet:-1, max-image-preview:large, max-video-preview:-1\" \/>\n<meta property=\"og:locale\" content=\"pt_BR\" \/>\n<meta property=\"og:type\" content=\"article\" \/>\n<meta property=\"og:title\" content=\"Nova Gera\u00e7\u00e3o - Campolina Canto Verde\" \/>\n<meta property=\"og:description\" content=\"[vc_row css=&#8221;.vc_custom_1585607116328{background-color: #f5f5f5 !important;}&#8221;][vc_column][vc_empty_space height=&#8221;50px&#8221;][vc_custom_heading text=&#8221;NOVA GERA\u00c7\u00c3O &#8211; COMO PENSAMOS NOSSA SELE\u00c7\u00c3O&#8221; font_container=&#8221;tag:h1|text_align:center&#8221; use_theme_fonts=&#8221;yes&#8221; css_animation=&#8221;fadeInUp&#8221;][vc_column_text css=&#8221;.vc_custom_1601331271123{padding-bottom: 25px !important;}&#8221;] O processo de sele\u00e7\u00e3o do nosso criat\u00f3rio estar\u00e1 sempre atrelado ao desenvolvimento da equideocultura da Ra\u00e7a Campolina e ir\u00e1 seguir os conceitos descritos no padr\u00e3o racial assinalado pelo CDT no MAPA. Mudan\u00e7as podem acontecer para um bem geral da m\u00e9dia da tropa campolina em territ\u00f3rio nacional, por\u00e9m o grande equil\u00edbrio \u00e9 o olho do criador (selecionador). \u00c9 imperativo que o cavalo agrade ao titular do criat\u00f3rio. Sendo assim, focamos no desenvolvimento de um padr\u00e3o racial e do aperfei\u00e7oamento zoot\u00e9cnico em tr\u00eas jun\u00e7\u00f5es, &hellip; Continued\" \/>\n<meta property=\"og:url\" content=\"https:\/\/www.campolinacantoverde.com.br\/home\/nova-geracao\/\" \/>\n<meta property=\"og:site_name\" content=\"Campolina Canto Verde\" \/>\n<meta property=\"article:publisher\" content=\"https:\/\/www.facebook.com\/campolinacantoverde\/\" \/>\n<meta property=\"article:modified_time\" content=\"2022-03-31T23:20:47+00:00\" \/>\n<meta name=\"twitter:card\" content=\"summary_large_image\" \/>\n<meta name=\"twitter:label1\" content=\"Est. tempo de leitura\" \/>\n\t<meta name=\"twitter:data1\" content=\"9 minutos\" \/>\n<script type=\"application\/ld+json\" class=\"yoast-schema-graph\">{\"@context\":\"https:\/\/schema.org\",\"@graph\":[{\"@type\":\"WebPage\",\"@id\":\"https:\/\/www.campolinacantoverde.com.br\/home\/nova-geracao\/\",\"url\":\"https:\/\/www.campolinacantoverde.com.br\/home\/nova-geracao\/\",\"name\":\"Nova Gera\u00e7\u00e3o - Campolina Canto Verde\",\"isPartOf\":{\"@id\":\"https:\/\/www.campolinacantoverde.com.br\/home\/#website\"},\"datePublished\":\"2020-09-25T19:10:07+00:00\",\"dateModified\":\"2022-03-31T23:20:47+00:00\",\"breadcrumb\":{\"@id\":\"https:\/\/www.campolinacantoverde.com.br\/home\/nova-geracao\/#breadcrumb\"},\"inLanguage\":\"pt-BR\",\"potentialAction\":[{\"@type\":\"ReadAction\",\"target\":[\"https:\/\/www.campolinacantoverde.com.br\/home\/nova-geracao\/\"]}]},{\"@type\":\"BreadcrumbList\",\"@id\":\"https:\/\/www.campolinacantoverde.com.br\/home\/nova-geracao\/#breadcrumb\",\"itemListElement\":[{\"@type\":\"ListItem\",\"position\":1,\"name\":\"In\u00edcio\",\"item\":\"https:\/\/www.campolinacantoverde.com.br\/home\/\"},{\"@type\":\"ListItem\",\"position\":2,\"name\":\"Nova Gera\u00e7\u00e3o\"}]},{\"@type\":\"WebSite\",\"@id\":\"https:\/\/www.campolinacantoverde.com.br\/home\/#website\",\"url\":\"https:\/\/www.campolinacantoverde.com.br\/home\/\",\"name\":\"Campolina Canto Verde\",\"description\":\"Ca\u00e7apava - SP\",\"publisher\":{\"@id\":\"https:\/\/www.campolinacantoverde.com.br\/home\/#organization\"},\"potentialAction\":[{\"@type\":\"SearchAction\",\"target\":{\"@type\":\"EntryPoint\",\"urlTemplate\":\"https:\/\/www.campolinacantoverde.com.br\/home\/?s={search_term_string}\"},\"query-input\":\"required name=search_term_string\"}],\"inLanguage\":\"pt-BR\"},{\"@type\":\"Organization\",\"@id\":\"https:\/\/www.campolinacantoverde.com.br\/home\/#organization\",\"name\":\"Campolina Canto Verde\",\"url\":\"https:\/\/www.campolinacantoverde.com.br\/home\/\",\"logo\":{\"@type\":\"ImageObject\",\"inLanguage\":\"pt-BR\",\"@id\":\"https:\/\/www.campolinacantoverde.com.br\/home\/#\/schema\/logo\/image\/\",\"url\":\"https:\/\/www.campolinacantoverde.com.br\/home\/wp-content\/uploads\/2022\/03\/novo-logo-ccv2.png\",\"contentUrl\":\"https:\/\/www.campolinacantoverde.com.br\/home\/wp-content\/uploads\/2022\/03\/novo-logo-ccv2.png\",\"width\":218,\"height\":174,\"caption\":\"Campolina Canto Verde\"},\"image\":{\"@id\":\"https:\/\/www.campolinacantoverde.com.br\/home\/#\/schema\/logo\/image\/\"},\"sameAs\":[\"https:\/\/www.facebook.com\/campolinacantoverde\/\",\"https:\/\/www.instagram.com\/campolinacantoverde\/\",\"https:\/\/www.youtube.com\/channel\/UCFur52oArtqNHvdCzCK4jDw\"]}]}<\/script>\n<!-- \/ Yoast SEO plugin. -->","yoast_head_json":{"title":"Nova Gera\u00e7\u00e3o - Campolina Canto Verde","robots":{"index":"noindex","follow":"follow","max-snippet":"max-snippet:-1","max-image-preview":"max-image-preview:large","max-video-preview":"max-video-preview:-1"},"og_locale":"pt_BR","og_type":"article","og_title":"Nova Gera\u00e7\u00e3o - Campolina Canto Verde","og_description":"[vc_row css=&#8221;.vc_custom_1585607116328{background-color: #f5f5f5 !important;}&#8221;][vc_column][vc_empty_space height=&#8221;50px&#8221;][vc_custom_heading text=&#8221;NOVA GERA\u00c7\u00c3O &#8211; COMO PENSAMOS NOSSA SELE\u00c7\u00c3O&#8221; font_container=&#8221;tag:h1|text_align:center&#8221; use_theme_fonts=&#8221;yes&#8221; css_animation=&#8221;fadeInUp&#8221;][vc_column_text css=&#8221;.vc_custom_1601331271123{padding-bottom: 25px !important;}&#8221;] O processo de sele\u00e7\u00e3o do nosso criat\u00f3rio estar\u00e1 sempre atrelado ao desenvolvimento da equideocultura da Ra\u00e7a Campolina e ir\u00e1 seguir os conceitos descritos no padr\u00e3o racial assinalado pelo CDT no MAPA. Mudan\u00e7as podem acontecer para um bem geral da m\u00e9dia da tropa campolina em territ\u00f3rio nacional, por\u00e9m o grande equil\u00edbrio \u00e9 o olho do criador (selecionador). \u00c9 imperativo que o cavalo agrade ao titular do criat\u00f3rio. Sendo assim, focamos no desenvolvimento de um padr\u00e3o racial e do aperfei\u00e7oamento zoot\u00e9cnico em tr\u00eas jun\u00e7\u00f5es, &hellip; Continued","og_url":"https:\/\/www.campolinacantoverde.com.br\/home\/nova-geracao\/","og_site_name":"Campolina Canto Verde","article_publisher":"https:\/\/www.facebook.com\/campolinacantoverde\/","article_modified_time":"2022-03-31T23:20:47+00:00","twitter_card":"summary_large_image","twitter_misc":{"Est. tempo de leitura":"9 minutos"},"schema":{"@context":"https:\/\/schema.org","@graph":[{"@type":"WebPage","@id":"https:\/\/www.campolinacantoverde.com.br\/home\/nova-geracao\/","url":"https:\/\/www.campolinacantoverde.com.br\/home\/nova-geracao\/","name":"Nova Gera\u00e7\u00e3o - Campolina Canto Verde","isPartOf":{"@id":"https:\/\/www.campolinacantoverde.com.br\/home\/#website"},"datePublished":"2020-09-25T19:10:07+00:00","dateModified":"2022-03-31T23:20:47+00:00","breadcrumb":{"@id":"https:\/\/www.campolinacantoverde.com.br\/home\/nova-geracao\/#breadcrumb"},"inLanguage":"pt-BR","potentialAction":[{"@type":"ReadAction","target":["https:\/\/www.campolinacantoverde.com.br\/home\/nova-geracao\/"]}]},{"@type":"BreadcrumbList","@id":"https:\/\/www.campolinacantoverde.com.br\/home\/nova-geracao\/#breadcrumb","itemListElement":[{"@type":"ListItem","position":1,"name":"In\u00edcio","item":"https:\/\/www.campolinacantoverde.com.br\/home\/"},{"@type":"ListItem","position":2,"name":"Nova Gera\u00e7\u00e3o"}]},{"@type":"WebSite","@id":"https:\/\/www.campolinacantoverde.com.br\/home\/#website","url":"https:\/\/www.campolinacantoverde.com.br\/home\/","name":"Campolina Canto Verde","description":"Ca\u00e7apava - SP","publisher":{"@id":"https:\/\/www.campolinacantoverde.com.br\/home\/#organization"},"potentialAction":[{"@type":"SearchAction","target":{"@type":"EntryPoint","urlTemplate":"https:\/\/www.campolinacantoverde.com.br\/home\/?s={search_term_string}"},"query-input":"required name=search_term_string"}],"inLanguage":"pt-BR"},{"@type":"Organization","@id":"https:\/\/www.campolinacantoverde.com.br\/home\/#organization","name":"Campolina Canto Verde","url":"https:\/\/www.campolinacantoverde.com.br\/home\/","logo":{"@type":"ImageObject","inLanguage":"pt-BR","@id":"https:\/\/www.campolinacantoverde.com.br\/home\/#\/schema\/logo\/image\/","url":"https:\/\/www.campolinacantoverde.com.br\/home\/wp-content\/uploads\/2022\/03\/novo-logo-ccv2.png","contentUrl":"https:\/\/www.campolinacantoverde.com.br\/home\/wp-content\/uploads\/2022\/03\/novo-logo-ccv2.png","width":218,"height":174,"caption":"Campolina Canto Verde"},"image":{"@id":"https:\/\/www.campolinacantoverde.com.br\/home\/#\/schema\/logo\/image\/"},"sameAs":["https:\/\/www.facebook.com\/campolinacantoverde\/","https:\/\/www.instagram.com\/campolinacantoverde\/","https:\/\/www.youtube.com\/channel\/UCFur52oArtqNHvdCzCK4jDw"]}]}},"_links":{"self":[{"href":"https:\/\/www.campolinacantoverde.com.br\/home\/wp-json\/wp\/v2\/pages\/349769","targetHints":{"allow":["GET"]}}],"collection":[{"href":"https:\/\/www.campolinacantoverde.com.br\/home\/wp-json\/wp\/v2\/pages"}],"about":[{"href":"https:\/\/www.campolinacantoverde.com.br\/home\/wp-json\/wp\/v2\/types\/page"}],"author":[{"embeddable":true,"href":"https:\/\/www.campolinacantoverde.com.br\/home\/wp-json\/wp\/v2\/users\/1"}],"replies":[{"embeddable":true,"href":"https:\/\/www.campolinacantoverde.com.br\/home\/wp-json\/wp\/v2\/comments?post=349769"}],"version-history":[{"count":46,"href":"https:\/\/www.campolinacantoverde.com.br\/home\/wp-json\/wp\/v2\/pages\/349769\/revisions"}],"predecessor-version":[{"id":349923,"href":"https:\/\/www.campolinacantoverde.com.br\/home\/wp-json\/wp\/v2\/pages\/349769\/revisions\/349923"}],"wp:attachment":[{"href":"https:\/\/www.campolinacantoverde.com.br\/home\/wp-json\/wp\/v2\/media?parent=349769"}],"curies":[{"name":"wp","href":"https:\/\/api.w.org\/{rel}","templated":true}]}}