{"id":349284,"date":"2020-02-11T14:01:24","date_gmt":"2020-02-11T14:01:24","guid":{"rendered":"https:\/\/www.campolinacantoverde.com.br\/home\/?page_id=349284"},"modified":"2024-10-22T11:54:41","modified_gmt":"2024-10-22T11:54:41","slug":"premiacoes","status":"publish","type":"page","link":"https:\/\/www.campolinacantoverde.com.br\/home\/premiacoes\/","title":{"rendered":"Premia\u00e7\u00f5es"},"content":{"rendered":"<section class=\"wpb-content-wrapper\"><p>[vc_row][vc_column width=&#8221;1\/2&#8243;][vc_single_image image=&#8221;350168&#8243; img_size=&#8221;large&#8221; alignment=&#8221;center&#8221; style=&#8221;vc_box_outline&#8221; border_color=&#8221;chino&#8221; onclick=&#8221;custom_link&#8221; img_link_target=&#8221;_blank&#8221; css_animation=&#8221;fadeIn&#8221; link=&#8221;https:\/\/www.campolinacantoverde.com.br\/home\/animais\/bela-do-canto-verde\/&#8221;][\/vc_column][vc_column width=&#8221;1\/2&#8243;][vc_column_text]<\/p>\n<h2 style=\"text-align: center;\"><strong><span style=\"color: #bda667;\">Bela do Canto Verde<\/span><\/strong><\/h2>\n<p>&#x1f3c6;Reservada Campe\u00e3 Morfologia &#8211; \u00c9gua J\u00fanior Marcha Batida da 44\u00b0 Exposi\u00e7\u00e3o Nacional do Cavalo Campolina 2024 \u2013 Gameleira (Belo Horizonte) \u2013 MG<\/p>\n<p>&#x1f3c6;Campe\u00e3 Morfologia &#8211; \u00c9gua Jovem Marcha Batida da 43\u00ba Exposi\u00e7\u00e3o Nacional do Cavalo Campolina 2023 \u2013 Maca\u00e9 (Rio de Janeiro) \u2013 RJ<\/p>\n<p>&#x1f3c6;Reservada Campe\u00e3 Potra Marcha Batida da 42\u00b0 Exposi\u00e7\u00e3o Nacional do Cavalo Campolina 2022 \u2013 Gameleira (Belo Horizonte) &#8211; MG<\/p>\n<p>&#x1f3c6;Campe\u00e3 de Marcha Batida Potra Mirim 41\u00b0 Exposi\u00e7\u00e3o Nacional do Cavalo Campolina 2021 \u2013 Salvador &#8211; BA<\/p>\n<p>&#x1f3c6; Reservada Campe\u00e3 Potra Mirim da 41\u00b0 Exposi\u00e7\u00e3o Nacional do Cavalo Campolina 2021 &#8211; Salvador \u2013 BA<\/p>\n<p>&#x1f3c6; Campe\u00e3 convencional na 4\u00aa ExpoJacarei \/ 100\u00aa Estadual da Ra\u00e7a Campolina do Estado de S\u00e3o Paulo (2021)<\/p>\n<p>&#x1f3c6;Reservada grande marchadora na 4\u00aa ExpoJacarei \/ 100\u00aa Estadual da Ra\u00e7a Campolina do Estado de S\u00e3o Paulo (2021)<\/p>\n<p>&#x1f3c6;Campe\u00e3 Potra Pr\u00e9-mirim marcha batida na X Exposi\u00e7\u00e3o Brasileira do Cavalo Campolina de Casimiro de Abreu \u2013 RJ (2021)<\/p>\n<p>&#x1f3c6; Grande da Ra\u00e7a Jovem marcha batida na X Exposi\u00e7\u00e3o Brasileira do Cavalo Campolina de Casimiro de Abreu \u2013 RJ (2021)[\/vc_column_text][vc_btn title=&#8221;Mais informa\u00e7\u00f5es do animal&#8221; style=&#8221;flat&#8221; color=&#8221;inverse&#8221; align=&#8221;center&#8221; link=&#8221;url:https%3A%2F%2Fwww.campolinacantoverde.com.br%2Fhome%2Fanimais%2Fbela-do-canto-verde%2F|title:Bela%20do%20Canto%20Verde|target:%20_blank|&#8221; css=&#8221;.vc_custom_1683758207200{padding-top: 10px !important;padding-bottom: 10px !important;}&#8221;][\/vc_column][\/vc_row][vc_row row_type=&#8221;full&#8221; css=&#8221;.vc_custom_1683757953502{background-color: #e5e5e5 !important;}&#8221;][vc_column width=&#8221;1\/2&#8243;][vc_single_image image=&#8221;349866&#8243; img_size=&#8221;large&#8221; alignment=&#8221;center&#8221; style=&#8221;vc_box_outline&#8221; border_color=&#8221;chino&#8221; onclick=&#8221;custom_link&#8221; img_link_target=&#8221;_blank&#8221; css_animation=&#8221;fadeIn&#8221; link=&#8221;https:\/\/www.campolinacantoverde.com.br\/home\/animais\/branca-do-canto-verde\/&#8221; css=&#8221;.vc_custom_1628701158699{padding-top: 25px !important;}&#8221;][\/vc_column][vc_column width=&#8221;1\/2&#8243;][vc_column_text css=&#8221;.vc_custom_1643052613039{padding-top: 25px !important;}&#8221;]<\/p>\n<h2 style=\"text-align: center;\"><strong><span style=\"color: #bda667;\">Branca do Canto Verde<\/span><\/strong><\/h2>\n<p style=\"text-align: justify;\">&#x1f3c6;Reservada Campe\u00e3 Potra Pr\u00e9-mirim Pampa Marcha Batida da 41\u00b0 Exposi\u00e7\u00e3o Nacional do Cavalo Campolina 2021<\/p>\n<p style=\"text-align: justify;\">&#x1f3c6;Reservada Campe\u00e3 pampa na 4\u00aa ExpoJacarei \/ 100\u00aa Estadual da Ra\u00e7a Campolina do Estado de S\u00e3o Paulo (2021)<\/p>\n<p style=\"text-align: justify;\">&#x1f3c6;Campe\u00e3 de marcha pampa na 4\u00aa ExpoJacarei \/ 100\u00aa Estadual da Ra\u00e7a Campolina do Estado de S\u00e3o Paulo (2021)<\/p>\n<p style=\"text-align: justify;\">&#x1f3c6;Campe\u00e3 Potra Pr\u00e9-mirim Pampa marcha batida na X Exposi\u00e7\u00e3o Brasileira do Cavalo Campolina de Casimiro de Abreu \u2013 RJ (2021)<\/p>\n<p>[\/vc_column_text][vc_btn title=&#8221;Mais informa\u00e7\u00f5es do animal&#8221; style=&#8221;flat&#8221; color=&#8221;inverse&#8221; align=&#8221;center&#8221; link=&#8221;url:https%3A%2F%2Fwww.campolinacantoverde.com.br%2Fhome%2Fanimais%2Fbranca-do-canto-verde%2F||target:%20_blank|&#8221; css=&#8221;.vc_custom_1683758217187{padding-top: 10px !important;padding-bottom: 10px !important;}&#8221;][\/vc_column][\/vc_row][vc_row][vc_column width=&#8221;1\/2&#8243;][vc_single_image image=&#8221;350209&#8243; img_size=&#8221;large&#8221; alignment=&#8221;center&#8221; style=&#8221;vc_box_outline&#8221; border_color=&#8221;chino&#8221; onclick=&#8221;custom_link&#8221; img_link_target=&#8221;_blank&#8221; css_animation=&#8221;fadeIn&#8221; link=&#8221;https:\/\/www.campolinacantoverde.com.br\/home\/animais\/branca-do-canto-verde\/&#8221; css=&#8221;.vc_custom_1683757505607{padding-top: 25px !important;}&#8221;][\/vc_column][vc_column width=&#8221;1\/2&#8243;][vc_column_text css=&#8221;.vc_custom_1683757442389{padding-top: 25px !important;}&#8221;]<\/p>\n<h2 style=\"text-align: center;\"><strong><span style=\"color: #bda667;\">Capad\u00f3cia da Dona Flor<\/span><\/strong><\/h2>\n<p style=\"text-align: justify;\">&#x1f3c6;Reservada Grande Campe\u00e3 Marcha Batida na 5\u00aa ExpoJacarei \/ 101\u00aa Estadual da Ra\u00e7a Campolina do Estado de S\u00e3o Paulo (2022)<\/p>\n<p>[\/vc_column_text][vc_btn title=&#8221;Mais informa\u00e7\u00f5es do animal&#8221; style=&#8221;flat&#8221; color=&#8221;inverse&#8221; align=&#8221;center&#8221; link=&#8221;url:https%3A%2F%2Fwww.campolinacantoverde.com.br%2Fhome%2Fanimais%2Fcapadocia-da-dona-flor%2F|title:Capad%C3%B3cia|target:_blank&#8221; css=&#8221;.vc_custom_1683758228451{padding-top: 10px !important;padding-bottom: 10px !important;}&#8221;][\/vc_column][\/vc_row][vc_row row_type=&#8221;full&#8221; css=&#8221;.vc_custom_1683757984053{background-color: #e5e5e5 !important;}&#8221;][vc_column width=&#8221;1\/2&#8243;][vc_single_image image=&#8221;350205&#8243; img_size=&#8221;large&#8221; alignment=&#8221;center&#8221; style=&#8221;vc_box_outline&#8221; border_color=&#8221;chino&#8221; onclick=&#8221;custom_link&#8221; img_link_target=&#8221;_blank&#8221; css_animation=&#8221;fadeIn&#8221; link=&#8221;https:\/\/www.campolinacantoverde.com.br\/home\/animais\/branca-do-canto-verde\/&#8221; css=&#8221;.vc_custom_1683757133338{padding-top: 25px !important;}&#8221;][\/vc_column][vc_column width=&#8221;1\/2&#8243;][vc_column_text css=&#8221;.vc_custom_1683757088978{padding-top: 25px !important;}&#8221;]<\/p>\n<h2 style=\"text-align: center;\"><strong><span style=\"color: #bda667;\">Chronos do Canto Verde<\/span><\/strong><\/h2>\n<p style=\"text-align: justify;\">&#x1f3c6;Primeiro pr\u00eamio convencional na 5\u00aa ExpoJacarei \/ 101\u00aa Estadual da Ra\u00e7a Campolina do Estado de S\u00e3o Paulo (2022).<\/p>\n<p>[\/vc_column_text][vc_btn title=&#8221;Mais informa\u00e7\u00f5es do animal&#8221; style=&#8221;flat&#8221; color=&#8221;inverse&#8221; align=&#8221;center&#8221; link=&#8221;url:https%3A%2F%2Fwww.campolinacantoverde.com.br%2Fhome%2Fanimais%2Fchronos-do-canto-verde%2F|title:Chronos%20do%20Canto%20Verde|target:_blank&#8221; css=&#8221;.vc_custom_1683758239248{padding-top: 10px !important;padding-bottom: 10px !important;}&#8221;][\/vc_column][\/vc_row][vc_row css=&#8221;.vc_custom_1627945675886{padding-top: 25px !important;}&#8221;][vc_column width=&#8221;1\/2&#8243;][vc_single_image image=&#8221;349304&#8243; img_size=&#8221;large&#8221; alignment=&#8221;center&#8221; style=&#8221;vc_box_outline&#8221; border_color=&#8221;chino&#8221; onclick=&#8221;custom_link&#8221; img_link_target=&#8221;_blank&#8221; css_animation=&#8221;fadeIn&#8221; link=&#8221;https:\/\/www.campolinacantoverde.com.br\/home\/animais\/havana-do-modelo\/&#8221;][\/vc_column][vc_column width=&#8221;1\/2&#8243;][vc_column_text]<\/p>\n<h2 style=\"text-align: center;\"><span style=\"font-size: 18pt;\"><strong><span style=\"color: #bda667;\">Havana do Modelo<\/span><\/strong><\/span><\/h2>\n<p>&nbsp;<\/p>\n<p><span style=\"font-size: 12pt;\">&#x1f3c6;Grande da Ra\u00e7a Jovem Campolina Pampa Itaipava-RJ (2019)\u00a0<\/span><\/p>\n<p><span style=\"font-size: 12pt;\">&#x1f3c6;Campe\u00e3 Potra Campolina Pampa Jacare\u00ed-SP (2018)\u00a0<\/span><\/p>\n<p><span style=\"font-size: 12pt;\">&#x1f3c6;Campe\u00e3 Potranca Campolina Pampa Nacional Conselheiro Lafaiete-MG (2019)\u00a0<\/span><\/p>\n<p><span style=\"font-size: 12pt;\">&#x1f3c6;Reservada Grande da Ra\u00e7a Campolina Pampa Nacional Conselheiro Lafaiete-MG (2019)<\/span>[\/vc_column_text][vc_btn title=&#8221;Mais informa\u00e7\u00f5es do animal&#8221; style=&#8221;flat&#8221; color=&#8221;inverse&#8221; align=&#8221;center&#8221; link=&#8221;url:https%3A%2F%2Fwww.campolinacantoverde.com.br%2Fhome%2Fanimais%2Fhavana-do-modelo%2F|title:HAVANA%20DO%20MODELO|target:%20_blank|&#8221; css=&#8221;.vc_custom_1683758248575{padding-top: 10px !important;padding-bottom: 10px !important;}&#8221;][\/vc_column][\/vc_row][vc_row row_type=&#8221;full&#8221; css=&#8221;.vc_custom_1683758038056{background-color: #e5e5e5 !important;}&#8221;][vc_column width=&#8221;1\/2&#8243;][vc_single_image image=&#8221;349302&#8243; img_size=&#8221;large&#8221; alignment=&#8221;center&#8221; style=&#8221;vc_box_outline&#8221; border_color=&#8221;chino&#8221; onclick=&#8221;custom_link&#8221; img_link_target=&#8221;_blank&#8221; css_animation=&#8221;fadeIn&#8221; link=&#8221;https:\/\/www.campolinacantoverde.com.br\/home\/animais\/monifa-da-hibipeba\/&#8221;][\/vc_column][vc_column width=&#8221;1\/2&#8243;][vc_column_text]<\/p>\n<h2 style=\"text-align: center;\"><span style=\"font-size: 18pt;\"><strong><span style=\"color: #bda667;\">Monifa da Hibipeba<\/span><\/strong><\/span><\/h2>\n<p>&nbsp;<\/p>\n<p><span style=\"font-size: 12pt;\">&#x1f3c6; Inscrita no livro de elite da Ra\u00e7a em 2021 com louvor<\/span><\/p>\n<p><span style=\"font-size: 12pt;\">&#x1f3c6;Campe\u00e3 Nacional Prog\u00eanie de M\u00e3e 2016<\/span><\/p>\n<p><span style=\"font-size: 12pt;\">&#x1f3c6;Campe\u00e3 Nacional Prog\u00eanie de M\u00e3e 2017<\/span><\/p>\n<p><span style=\"font-size: 12pt;\">&#x1f3c6;Campe\u00e3 de Marcha e Grande da Ra\u00e7a Itaipava &#8211; RJ (2014)\u00a0<\/span><\/p>\n<p><span style=\"font-size: 12pt;\">&#x1f3c6;Grande da Ra\u00e7a Jovem Barbacena &#8211; MG (2013)<\/span><\/p>\n<p><span style=\"font-size: 12pt;\">&#x1f3c6;Grande da Ra\u00e7a Jovem Nacional- BH (2013)<\/span><\/p>\n<p><span style=\"font-size: 12pt;\">\u00a0<\/span>[\/vc_column_text][vc_btn title=&#8221;Mais informa\u00e7\u00f5es do animal&#8221; style=&#8221;flat&#8221; color=&#8221;inverse&#8221; align=&#8221;center&#8221; link=&#8221;url:https%3A%2F%2Fwww.campolinacantoverde.com.br%2Fhome%2Fanimais%2Fmonifa-da-hibipeba%2F|title:M%C3%94NIFA%20DA%20HIBIPEBA|target:%20_blank|&#8221; css=&#8221;.vc_custom_1683758263054{padding-top: 10px !important;padding-bottom: 10px !important;}&#8221;][\/vc_column][\/vc_row][vc_row][vc_column width=&#8221;1\/2&#8243;][vc_single_image image=&#8221;349303&#8243; img_size=&#8221;large&#8221; alignment=&#8221;center&#8221; style=&#8221;vc_box_outline&#8221; border_color=&#8221;chino&#8221; onclick=&#8221;custom_link&#8221; img_link_target=&#8221;_blank&#8221; css_animation=&#8221;fadeIn&#8221; link=&#8221;https:\/\/www.campolinacantoverde.com.br\/home\/animais\/obscena-da-hibipeba\/&#8221;][\/vc_column][vc_column width=&#8221;1\/2&#8243;][vc_column_text]<\/p>\n<h2 style=\"text-align: center;\"><span style=\"font-size: 18pt;\"><strong><span style=\"color: #bda667;\">Obscena da Hibipeba<\/span><\/strong><\/span><\/h2>\n<p>&nbsp;<\/p>\n<p><span style=\"font-size: 12pt;\">&#x1f3c6;Campe\u00e3 das Campe\u00e3s de Marcha ExpoMuria\u00e9 &#8211; MG (2018)<\/span><\/p>\n<p><span style=\"font-size: 12pt;\">&#x1f3c6;Campe\u00e3 \u00c9gua Adulta Expo Cordeiro- RJ (2018)\u00a0<\/span><\/p>\n<p><span style=\"font-size: 12pt;\">&#x1f3c6;Reservada Grande Marchadora F\u00eamea Expo Cordeiro &#8211; RJ (2018)\u00a0<\/span><\/p>\n<p><span style=\"font-size: 12pt;\">&#x1f3c6;Reservada Campe\u00e3 \u00c9gua Jovem Barbacena-MG (2017)\u00a0<\/span><\/p>\n<p><span style=\"font-size: 12pt;\">&#x1f3c6;Nos anos de 2017, 2018 e 2019 ficou sempre entre as 10 melhores \u00e9guas da Ra\u00e7a pelo Ranking da ABCCCampolina.<\/span><\/p>\n<p><span style=\"font-size: 12pt;\">&#x1f3c6;Reservada Campe\u00e3 da Ra\u00e7a Adulto F\u00eamea na na 3\u00aa Exposi\u00e7\u00e3o do Cavalo Campolina de Jacare\u00ed \u2013 SP (2020)<\/span><\/p>\n<p><span style=\"font-size: 12pt;\">&#x1f3c6;Reservada Campe\u00e3 Categoria \u00c9gua S\u00eanior na 3\u00aa Exposi\u00e7\u00e3o do Cavalo Campolina de Jacare\u00ed \u2013 SP (2020)<\/span><\/p>\n<p><span style=\"font-size: 12pt;\">&#x1f3c6;Reservada Campe\u00e3 Marcha \u00c9gua S\u00eanior na 3\u00aa Exposi\u00e7\u00e3o do Cavalo Campolina de Jacare\u00ed \u2013 SP (2020)<\/span><\/p>\n<p><span style=\"font-size: 12pt;\">&#x1f3c6;In\u00fameros outros t\u00edtulos em pista.<\/span><\/p>\n<p><span style=\"font-size: 12pt;\">\u00a0<\/span>[\/vc_column_text][vc_btn title=&#8221;Mais informa\u00e7\u00f5es do animal&#8221; style=&#8221;flat&#8221; color=&#8221;inverse&#8221; align=&#8221;center&#8221; link=&#8221;url:https%3A%2F%2Fwww.campolinacantoverde.com.br%2Fhome%2Fanimais%2Fobscena-da-hibipeba%2F|title:OBSCENA%20DA%20HIBIPEBA|target:%20_blank|&#8221; css=&#8221;.vc_custom_1683758273853{padding-top: 10px !important;padding-bottom: 10px !important;}&#8221;][\/vc_column][\/vc_row][vc_row row_type=&#8221;full&#8221; css=&#8221;.vc_custom_1683758055506{background-color: #e5e5e5 !important;}&#8221;][vc_column width=&#8221;1\/2&#8243;][vc_single_image image=&#8221;350207&#8243; img_size=&#8221;large&#8221; alignment=&#8221;center&#8221; style=&#8221;vc_box_outline&#8221; border_color=&#8221;chino&#8221; onclick=&#8221;custom_link&#8221; img_link_target=&#8221;_blank&#8221; css_animation=&#8221;fadeIn&#8221; link=&#8221;https:\/\/www.campolinacantoverde.com.br\/home\/animais\/xantia-do-rn\/&#8221;][\/vc_column][vc_column width=&#8221;1\/2&#8243;][vc_column_text]<\/p>\n<h2 style=\"text-align: center;\"><strong><span style=\"color: #bda667;\">Querubim da Hibipeba<\/span><\/strong><\/h2>\n<p>&#x1f3c6; Campe\u00e3o castrado de sela (marcha picada) na 5\u00aa ExpoJacarei \/ 101\u00aa Estadual da Ra\u00e7a Campolina do Estado de S\u00e3o Paulo (2022)<\/p>\n<p>&#x1f3c6; Reservado Campe\u00e3o castrado de sela (marcha picada) 42\u00b0 Exposi\u00e7\u00e3o Nacional do Cavalo Campolina 2022<\/p>\n<p>&#x1f3c6; Primeiro pr\u00eamio no grande campeonato castrado de sela (marcha picada) 42\u00b0 Exposi\u00e7\u00e3o Nacional do Cavalo Campolina 2022[\/vc_column_text][vc_btn title=&#8221;Mais informa\u00e7\u00f5es do animal&#8221; style=&#8221;flat&#8221; color=&#8221;inverse&#8221; align=&#8221;center&#8221; link=&#8221;url:https%3A%2F%2Fwww.campolinacantoverde.com.br%2Fhome%2Fanimais%2Fquerubim-da-hibipeba%2F|title:Querubim%20da%20Hibipeba|target:_blank&#8221; css=&#8221;.vc_custom_1683758283730{padding-top: 10px !important;padding-bottom: 10px !important;}&#8221;][\/vc_column][\/vc_row][vc_row][vc_column width=&#8221;1\/2&#8243;][vc_single_image image=&#8221;349398&#8243; img_size=&#8221;large&#8221; alignment=&#8221;center&#8221; style=&#8221;vc_box_outline&#8221; border_color=&#8221;chino&#8221; onclick=&#8221;custom_link&#8221; img_link_target=&#8221;_blank&#8221; css_animation=&#8221;fadeIn&#8221; link=&#8221;https:\/\/www.campolinacantoverde.com.br\/home\/animais\/xantia-do-rn\/&#8221;][\/vc_column][vc_column width=&#8221;1\/2&#8243;][vc_column_text]<\/p>\n<h2 style=\"text-align: center;\"><strong><span style=\"color: #bda667;\">Requinte de Santa Margarida<\/span><\/strong><\/h2>\n<p>&#x1f3c6; Reservado Campe\u00e3o castrado de sela (marcha picada) na 5\u00aa ExpoJacarei \/ 101\u00aa Estadual da Ra\u00e7a Campolina do Estado de S\u00e3o Paulo (2022)<\/p>\n<p>&#x1f3c6; Campe\u00e3o de Marcha Picada e primeiro na funcional no castrado de sela Adulto na X Exposi\u00e7\u00e3o Brasileira do Cavalo Campolina de Casimiro de Abreu \u2013 RJ (2021)<\/p>\n<p>&#x1f3c6; Reservado Grande Campe\u00e3o Castrado Marcha Picada na 40\u00aa Exposi\u00e7\u00e3o Nacional do Cavalo Campolina em Casemiro de Abreu \u2013 RJ (2020)<\/p>\n<p>&#x1f3c6; Campe\u00e3 Categoria Castrado de Sela Jovem Picado na 40\u00aa Exposi\u00e7\u00e3o Nacional do Cavalo Campolina em Casemiro de Abreu \u2013 RJ (2020) com a melhor funcional da categoria.<\/p>\n<p>&#x1f3c6; Reservado Campe\u00e3o de Marcha Picada Categoria de Castrado de Sela Jovem na 40\u00aa Exposi\u00e7\u00e3o Nacional do Cavalo Campolina em Casemiro de Abreu \u2013 RJ (2020)[\/vc_column_text][vc_btn title=&#8221;Mais informa\u00e7\u00f5es do animal&#8221; style=&#8221;flat&#8221; color=&#8221;inverse&#8221; align=&#8221;center&#8221; link=&#8221;url:https%3A%2F%2Fwww.campolinacantoverde.com.br%2Fhome%2Fwp-content%2Fuploads%2F2020%2F02%2FFicha_do_Animal_-_Requinte_de_Santa_Margarida.pdf||target:%20_blank|&#8221; css=&#8221;.vc_custom_1683758298724{padding-top: 10px !important;padding-bottom: 10px !important;}&#8221;][\/vc_column][\/vc_row][vc_row row_type=&#8221;full&#8221; css=&#8221;.vc_custom_1683758072711{background-color: #e5e5e5 !important;}&#8221;][vc_column width=&#8221;1\/2&#8243;][vc_single_image image=&#8221;349686&#8243; img_size=&#8221;large&#8221; alignment=&#8221;center&#8221; style=&#8221;vc_box_outline&#8221; border_color=&#8221;chino&#8221; onclick=&#8221;custom_link&#8221; img_link_target=&#8221;_blank&#8221; css_animation=&#8221;fadeIn&#8221; link=&#8221;https:\/\/www.campolinacantoverde.com.br\/home\/animais\/teleco-de-sao-joao\/&#8221;][\/vc_column][vc_column width=&#8221;1\/2&#8243;][vc_column_text]<\/p>\n<h2 style=\"text-align: center;\"><span style=\"font-size: 18pt;\"><strong><span style=\"color: #bda667;\">Teleco de S\u00e3o Jo\u00e3o<\/span><\/strong><\/span><\/h2>\n<p>&nbsp;<\/p>\n<p><span style=\"font-size: 12pt;\">&#x1f3c6; Reservado Campe\u00e3o convencional na 4\u00aa ExpoJacarei \/ 100\u00aa Estadual da Ra\u00e7a Campolina do Estado de S\u00e3o Paulo (2021)<\/span><\/p>\n<p><span style=\"font-size: 12pt;\">&#x1f3c6; Reservado Campe\u00e3o Cavalo Junior \u2013 Marcha Batida \u2013 Brasileira 2021 \u2013 Casimiro de Abreu \u2013 RJ<\/span><\/p>\n<p><span style=\"font-size: 12pt;\">&#x1f3c6; Campe\u00e3o Cavalo Adulto \u2013 Marcha Batida \u2013 Nacional 2019 \u2013 Conselheiro Lafaiete &#8211; MG<br \/>\n<\/span><\/p>\n<p><span style=\"font-size: 12pt;\">&#x1f3c6; Campe\u00e3o Cavalo Adulto Maior \u2013 Marcha Batida \u2013 Nacional 2018 \u2013 Gameleira \u2013 Belo Horizonte &#8211; MG<\/span><\/p>\n<p><span style=\"font-size: 12pt;\">&#x1f3c6; Campe\u00e3o de Categoria e Reservado Grande Marchador \u2013 Marcha Batida \u2013 ExpoRural 2018 \u2013 Salvador \u2013 BA<\/span><\/p>\n<p><span style=\"font-size: 12pt;\">&#x1f3c6; Reservado Campe\u00e3o Cavalo Adulto \u2013 Marcha Batida \u2013 ExpoPortal 2018 \u2013 Feira de Santana \u2013 BA<\/span><\/p>\n<p><span style=\"font-size: 12pt;\">\u00a0<\/span>[\/vc_column_text][vc_btn title=&#8221;Mais informa\u00e7\u00f5es do animal&#8221; style=&#8221;flat&#8221; color=&#8221;inverse&#8221; align=&#8221;center&#8221; link=&#8221;url:https%3A%2F%2Fwww.campolinacantoverde.com.br%2Fhome%2Fanimais%2Fteleco-de-sao-joao%2F|title:TELECO%20DE%20S%C3%83O%20JO%C3%83O|target:%20_blank|&#8221; css=&#8221;.vc_custom_1683758310607{padding-top: 10px !important;padding-bottom: 10px !important;}&#8221;][\/vc_column][\/vc_row][vc_row][vc_column width=&#8221;1\/2&#8243;][vc_single_image image=&#8221;349299&#8243; img_size=&#8221;large&#8221; alignment=&#8221;center&#8221; style=&#8221;vc_box_outline&#8221; border_color=&#8221;chino&#8221; onclick=&#8221;custom_link&#8221; img_link_target=&#8221;_blank&#8221; css_animation=&#8221;fadeIn&#8221; link=&#8221;https:\/\/www.campolinacantoverde.com.br\/home\/animais\/xantia-do-rn\/&#8221;][\/vc_column][vc_column width=&#8221;1\/2&#8243;][vc_column_text]<\/p>\n<h2 style=\"text-align: center;\"><span style=\"font-size: 18pt;\"><strong><span style=\"color: #bda667;\">Xantia do R.N.<\/span><\/strong><\/span><\/h2>\n<p><span style=\"font-size: 12pt;\">&#x1f3c6; <\/span>Reservada Grande Campe\u00e3 Nacional &#8211; Melhor Cabe\u00e7a 44\u00b0 Exposi\u00e7\u00e3o Nacional do Cavalo Campolina 2024 \u2013 Gameleira (Belo Horizonte) \u2013 MG<\/p>\n<p><span style=\"font-size: 12pt;\">&#x1f3c6; Campe\u00e3 Nacional \u00c9gua \u00c9gua Adulta Marcha Batida &#8211; 43\u00b0 Exposi\u00e7\u00e3o Nacional do Cavalo Campolina 2023<\/span><\/p>\n<p><span style=\"font-size: 12pt;\">&#x1f3c6; Campe\u00e3 de Morfologia \u00c9gua J\u00fanior Maior Marcha Batida 41\u00b0 Exposi\u00e7\u00e3o Nacional do Cavalo Campolina 2021<\/span><\/p>\n<p><span style=\"font-size: 12pt;\">&#x1f3c6; Reservada Campe\u00e3 \u00c9gua J\u00fanior Maior 41\u00b0 Exposi\u00e7\u00e3o Nacional do Cavalo Campolina 2021<\/span><\/p>\n<p><span style=\"font-size: 12pt;\">&#x1f3c6; Reservada Campe\u00e3 Melhor Cabe\u00e7a 41\u00b0 Exposi\u00e7\u00e3o Nacional do Cavalo Campolina 2021<\/span><\/p>\n<p><span style=\"font-size: 12pt;\">&#x1f3c6; Reservada Campe\u00e3 convencional na 4\u00aa ExpoJacarei \/ 100\u00aa Estadual da Ra\u00e7a Campolina do Estado de S\u00e3o Paulo (2021)<\/span><\/p>\n<p><span style=\"font-size: 12pt;\">&#x1f3c6; Reservada Grande Morfologia na 4\u00aa ExpoJacarei \/ 100\u00aa Estadual da Ra\u00e7a Campolina do Estado de S\u00e3o Paulo (2021)<\/span><\/p>\n<p><span style=\"font-size: 12pt;\">&#x1f3c6; Campe\u00e3 \u00c9gua J\u00fanior Maior na X Exposi\u00e7\u00e3o Brasileira do Cavalo Campolina de Casimiro de Abreu \u2013 RJ (2021)<\/span><\/p>\n<p><span style=\"font-size: 12pt;\">&#x1f3c6; Grande da Ra\u00e7a na X Exposi\u00e7\u00e3o Brasileira do Cavalo Campolina de Casimiro de Abreu \u2013 RJ (2021)<\/span><\/p>\n<p><span style=\"font-size: 12pt;\">&#x1f3c6; Reservada Campe\u00e3 Marcha Batida \u00c9gua J\u00fanior Maior na X Exposi\u00e7\u00e3o Brasileira do Cavalo Campolina de Casimiro de Abreu \u2013 RJ (2021)<\/span><\/p>\n<p><span style=\"font-size: 12pt;\">&#x1f3c6;Campe\u00e3 da Ra\u00e7a Adulto F\u00eamea na 3\u00aa Exposi\u00e7\u00e3o do Cavalo Campolina de Jacare\u00ed \u2013 SP (2020)<\/span><\/p>\n<p><span style=\"font-size: 12pt;\">&#x1f3c6; Reservada Grande Marchador F\u00eamea na 3\u00aa Exposi\u00e7\u00e3o do Cavalo Campolina de Jacare\u00ed \u2013 SP (2020)<\/span><\/p>\n<p><span style=\"font-size: 12pt;\">&#x1f3c6; Campe\u00e3 Categoria \u00c9gua S\u00eanior na 3\u00aa Exposi\u00e7\u00e3o do Cavalo Campolina de Jacare\u00ed \u2013 SP (2020)<\/span><\/p>\n<p><span style=\"font-size: 12pt;\">&#x1f3c6; Campe\u00e3 Marcha \u00c9gua S\u00eanior na 3\u00aa Exposi\u00e7\u00e3o do Cavalo Campolina de Jacare\u00ed \u2013 SP (2020)<\/span><\/p>\n<p><span style=\"font-size: 12pt;\">&#x1f3c6; Campe\u00e3 potra jovem &#x1f947;em Cordeiro \u2013 RJ (2015)\u00a0<\/span><\/p>\n<p><span style=\"font-size: 12pt;\">\u00a0<\/span>[\/vc_column_text][vc_btn title=&#8221;Mais informa\u00e7\u00f5es do animal&#8221; style=&#8221;flat&#8221; color=&#8221;inverse&#8221; align=&#8221;center&#8221; link=&#8221;url:https%3A%2F%2Fwww.campolinacantoverde.com.br%2Fhome%2Fanimais%2Fxantia-do-rn%2F||target:%20_blank|&#8221; css=&#8221;.vc_custom_1683758319942{padding-top: 10px !important;padding-bottom: 10px !important;}&#8221;][\/vc_column][\/vc_row]<\/p>\n<\/section>","protected":false},"excerpt":{"rendered":"<p>[vc_row][vc_column width=&#8221;1\/2&#8243;][vc_single_image image=&#8221;350168&#8243; img_size=&#8221;large&#8221; alignment=&#8221;center&#8221; style=&#8221;vc_box_outline&#8221; border_color=&#8221;chino&#8221; onclick=&#8221;custom_link&#8221; img_link_target=&#8221;_blank&#8221; css_animation=&#8221;fadeIn&#8221; link=&#8221;https:\/\/www.campolinacantoverde.com.br\/home\/animais\/bela-do-canto-verde\/&#8221;][\/vc_column][vc_column width=&#8221;1\/2&#8243;][vc_column_text] Bela do Canto Verde &#x1f3c6;Reservada Campe\u00e3 Morfologia &#8211; \u00c9gua J\u00fanior Marcha Batida da 44\u00b0 Exposi\u00e7\u00e3o Nacional do Cavalo Campolina 2024 \u2013 Gameleira (Belo Horizonte) \u2013 MG &#x1f3c6;Campe\u00e3 Morfologia &#8211; \u00c9gua Jovem Marcha Batida da 43\u00ba Exposi\u00e7\u00e3o Nacional do Cavalo Campolina 2023 \u2013 Maca\u00e9 (Rio de Janeiro) \u2013 RJ &#x1f3c6;Reservada Campe\u00e3 Potra Marcha Batida da 42\u00b0 Exposi\u00e7\u00e3o Nacional do Cavalo Campolina 2022 \u2013 Gameleira (Belo Horizonte) &#8211; MG &#x1f3c6;Campe\u00e3 de Marcha Batida Potra Mirim 41\u00b0 Exposi\u00e7\u00e3o Nacional do Cavalo Campolina 2021 \u2013 Salvador &#8211; BA &#x1f3c6; Reservada Campe\u00e3 Potra &hellip; <a href=\"https:\/\/www.campolinacantoverde.com.br\/home\/premiacoes\/\">Continued<\/a><\/p>\n","protected":false},"author":1,"featured_media":0,"parent":0,"menu_order":0,"comment_status":"closed","ping_status":"closed","template":"","meta":{"footnotes":""},"class_list":["post-349284","page","type-page","status-publish","hentry"],"yoast_head":"<!-- This site is optimized with the Yoast SEO plugin v20.2.1 - https:\/\/yoast.com\/wordpress\/plugins\/seo\/ -->\n<title>Premia\u00e7\u00f5es - Campolina Canto Verde<\/title>\n<meta name=\"robots\" content=\"noindex, follow, max-snippet:-1, max-image-preview:large, max-video-preview:-1\" \/>\n<meta property=\"og:locale\" content=\"pt_BR\" \/>\n<meta property=\"og:type\" content=\"article\" \/>\n<meta property=\"og:title\" content=\"Premia\u00e7\u00f5es - Campolina Canto Verde\" \/>\n<meta property=\"og:description\" content=\"[vc_row][vc_column width=&#8221;1\/2&#8243;][vc_single_image image=&#8221;350168&#8243; img_size=&#8221;large&#8221; alignment=&#8221;center&#8221; style=&#8221;vc_box_outline&#8221; border_color=&#8221;chino&#8221; onclick=&#8221;custom_link&#8221; img_link_target=&#8221;_blank&#8221; css_animation=&#8221;fadeIn&#8221; link=&#8221;https:\/\/www.campolinacantoverde.com.br\/home\/animais\/bela-do-canto-verde\/&#8221;][\/vc_column][vc_column width=&#8221;1\/2&#8243;][vc_column_text] Bela do Canto Verde &#x1f3c6;Reservada Campe\u00e3 Morfologia &#8211; \u00c9gua J\u00fanior Marcha Batida da 44\u00b0 Exposi\u00e7\u00e3o Nacional do Cavalo Campolina 2024 \u2013 Gameleira (Belo Horizonte) \u2013 MG &#x1f3c6;Campe\u00e3 Morfologia &#8211; \u00c9gua Jovem Marcha Batida da 43\u00ba Exposi\u00e7\u00e3o Nacional do Cavalo Campolina 2023 \u2013 Maca\u00e9 (Rio de Janeiro) \u2013 RJ &#x1f3c6;Reservada Campe\u00e3 Potra Marcha Batida da 42\u00b0 Exposi\u00e7\u00e3o Nacional do Cavalo Campolina 2022 \u2013 Gameleira (Belo Horizonte) &#8211; MG &#x1f3c6;Campe\u00e3 de Marcha Batida Potra Mirim 41\u00b0 Exposi\u00e7\u00e3o Nacional do Cavalo Campolina 2021 \u2013 Salvador &#8211; BA &#x1f3c6; Reservada Campe\u00e3 Potra &hellip; Continued\" \/>\n<meta property=\"og:url\" content=\"https:\/\/www.campolinacantoverde.com.br\/home\/premiacoes\/\" \/>\n<meta property=\"og:site_name\" content=\"Campolina Canto Verde\" \/>\n<meta property=\"article:publisher\" content=\"https:\/\/www.facebook.com\/campolinacantoverde\/\" \/>\n<meta property=\"article:modified_time\" content=\"2024-10-22T11:54:41+00:00\" \/>\n<meta name=\"twitter:card\" content=\"summary_large_image\" \/>\n<meta name=\"twitter:label1\" content=\"Est. tempo de leitura\" \/>\n\t<meta name=\"twitter:data1\" content=\"7 minutos\" \/>\n<script type=\"application\/ld+json\" class=\"yoast-schema-graph\">{\"@context\":\"https:\/\/schema.org\",\"@graph\":[{\"@type\":\"WebPage\",\"@id\":\"https:\/\/www.campolinacantoverde.com.br\/home\/premiacoes\/\",\"url\":\"https:\/\/www.campolinacantoverde.com.br\/home\/premiacoes\/\",\"name\":\"Premia\u00e7\u00f5es - Campolina Canto Verde\",\"isPartOf\":{\"@id\":\"https:\/\/www.campolinacantoverde.com.br\/home\/#website\"},\"datePublished\":\"2020-02-11T14:01:24+00:00\",\"dateModified\":\"2024-10-22T11:54:41+00:00\",\"breadcrumb\":{\"@id\":\"https:\/\/www.campolinacantoverde.com.br\/home\/premiacoes\/#breadcrumb\"},\"inLanguage\":\"pt-BR\",\"potentialAction\":[{\"@type\":\"ReadAction\",\"target\":[\"https:\/\/www.campolinacantoverde.com.br\/home\/premiacoes\/\"]}]},{\"@type\":\"BreadcrumbList\",\"@id\":\"https:\/\/www.campolinacantoverde.com.br\/home\/premiacoes\/#breadcrumb\",\"itemListElement\":[{\"@type\":\"ListItem\",\"position\":1,\"name\":\"In\u00edcio\",\"item\":\"https:\/\/www.campolinacantoverde.com.br\/home\/\"},{\"@type\":\"ListItem\",\"position\":2,\"name\":\"Premia\u00e7\u00f5es\"}]},{\"@type\":\"WebSite\",\"@id\":\"https:\/\/www.campolinacantoverde.com.br\/home\/#website\",\"url\":\"https:\/\/www.campolinacantoverde.com.br\/home\/\",\"name\":\"Campolina Canto Verde\",\"description\":\"Ca\u00e7apava - SP\",\"publisher\":{\"@id\":\"https:\/\/www.campolinacantoverde.com.br\/home\/#organization\"},\"potentialAction\":[{\"@type\":\"SearchAction\",\"target\":{\"@type\":\"EntryPoint\",\"urlTemplate\":\"https:\/\/www.campolinacantoverde.com.br\/home\/?s={search_term_string}\"},\"query-input\":\"required name=search_term_string\"}],\"inLanguage\":\"pt-BR\"},{\"@type\":\"Organization\",\"@id\":\"https:\/\/www.campolinacantoverde.com.br\/home\/#organization\",\"name\":\"Campolina Canto Verde\",\"url\":\"https:\/\/www.campolinacantoverde.com.br\/home\/\",\"logo\":{\"@type\":\"ImageObject\",\"inLanguage\":\"pt-BR\",\"@id\":\"https:\/\/www.campolinacantoverde.com.br\/home\/#\/schema\/logo\/image\/\",\"url\":\"https:\/\/www.campolinacantoverde.com.br\/home\/wp-content\/uploads\/2022\/03\/novo-logo-ccv2.png\",\"contentUrl\":\"https:\/\/www.campolinacantoverde.com.br\/home\/wp-content\/uploads\/2022\/03\/novo-logo-ccv2.png\",\"width\":218,\"height\":174,\"caption\":\"Campolina Canto Verde\"},\"image\":{\"@id\":\"https:\/\/www.campolinacantoverde.com.br\/home\/#\/schema\/logo\/image\/\"},\"sameAs\":[\"https:\/\/www.facebook.com\/campolinacantoverde\/\",\"https:\/\/www.instagram.com\/campolinacantoverde\/\",\"https:\/\/www.youtube.com\/channel\/UCFur52oArtqNHvdCzCK4jDw\"]}]}<\/script>\n<!-- \/ Yoast SEO plugin. -->","yoast_head_json":{"title":"Premia\u00e7\u00f5es - Campolina Canto Verde","robots":{"index":"noindex","follow":"follow","max-snippet":"max-snippet:-1","max-image-preview":"max-image-preview:large","max-video-preview":"max-video-preview:-1"},"og_locale":"pt_BR","og_type":"article","og_title":"Premia\u00e7\u00f5es - Campolina Canto Verde","og_description":"[vc_row][vc_column width=&#8221;1\/2&#8243;][vc_single_image image=&#8221;350168&#8243; img_size=&#8221;large&#8221; alignment=&#8221;center&#8221; style=&#8221;vc_box_outline&#8221; border_color=&#8221;chino&#8221; onclick=&#8221;custom_link&#8221; img_link_target=&#8221;_blank&#8221; css_animation=&#8221;fadeIn&#8221; link=&#8221;https:\/\/www.campolinacantoverde.com.br\/home\/animais\/bela-do-canto-verde\/&#8221;][\/vc_column][vc_column width=&#8221;1\/2&#8243;][vc_column_text] Bela do Canto Verde &#x1f3c6;Reservada Campe\u00e3 Morfologia &#8211; \u00c9gua J\u00fanior Marcha Batida da 44\u00b0 Exposi\u00e7\u00e3o Nacional do Cavalo Campolina 2024 \u2013 Gameleira (Belo Horizonte) \u2013 MG &#x1f3c6;Campe\u00e3 Morfologia &#8211; \u00c9gua Jovem Marcha Batida da 43\u00ba Exposi\u00e7\u00e3o Nacional do Cavalo Campolina 2023 \u2013 Maca\u00e9 (Rio de Janeiro) \u2013 RJ &#x1f3c6;Reservada Campe\u00e3 Potra Marcha Batida da 42\u00b0 Exposi\u00e7\u00e3o Nacional do Cavalo Campolina 2022 \u2013 Gameleira (Belo Horizonte) &#8211; MG &#x1f3c6;Campe\u00e3 de Marcha Batida Potra Mirim 41\u00b0 Exposi\u00e7\u00e3o Nacional do Cavalo Campolina 2021 \u2013 Salvador &#8211; BA &#x1f3c6; Reservada Campe\u00e3 Potra &hellip; Continued","og_url":"https:\/\/www.campolinacantoverde.com.br\/home\/premiacoes\/","og_site_name":"Campolina Canto Verde","article_publisher":"https:\/\/www.facebook.com\/campolinacantoverde\/","article_modified_time":"2024-10-22T11:54:41+00:00","twitter_card":"summary_large_image","twitter_misc":{"Est. tempo de leitura":"7 minutos"},"schema":{"@context":"https:\/\/schema.org","@graph":[{"@type":"WebPage","@id":"https:\/\/www.campolinacantoverde.com.br\/home\/premiacoes\/","url":"https:\/\/www.campolinacantoverde.com.br\/home\/premiacoes\/","name":"Premia\u00e7\u00f5es - Campolina Canto Verde","isPartOf":{"@id":"https:\/\/www.campolinacantoverde.com.br\/home\/#website"},"datePublished":"2020-02-11T14:01:24+00:00","dateModified":"2024-10-22T11:54:41+00:00","breadcrumb":{"@id":"https:\/\/www.campolinacantoverde.com.br\/home\/premiacoes\/#breadcrumb"},"inLanguage":"pt-BR","potentialAction":[{"@type":"ReadAction","target":["https:\/\/www.campolinacantoverde.com.br\/home\/premiacoes\/"]}]},{"@type":"BreadcrumbList","@id":"https:\/\/www.campolinacantoverde.com.br\/home\/premiacoes\/#breadcrumb","itemListElement":[{"@type":"ListItem","position":1,"name":"In\u00edcio","item":"https:\/\/www.campolinacantoverde.com.br\/home\/"},{"@type":"ListItem","position":2,"name":"Premia\u00e7\u00f5es"}]},{"@type":"WebSite","@id":"https:\/\/www.campolinacantoverde.com.br\/home\/#website","url":"https:\/\/www.campolinacantoverde.com.br\/home\/","name":"Campolina Canto Verde","description":"Ca\u00e7apava - SP","publisher":{"@id":"https:\/\/www.campolinacantoverde.com.br\/home\/#organization"},"potentialAction":[{"@type":"SearchAction","target":{"@type":"EntryPoint","urlTemplate":"https:\/\/www.campolinacantoverde.com.br\/home\/?s={search_term_string}"},"query-input":"required name=search_term_string"}],"inLanguage":"pt-BR"},{"@type":"Organization","@id":"https:\/\/www.campolinacantoverde.com.br\/home\/#organization","name":"Campolina Canto Verde","url":"https:\/\/www.campolinacantoverde.com.br\/home\/","logo":{"@type":"ImageObject","inLanguage":"pt-BR","@id":"https:\/\/www.campolinacantoverde.com.br\/home\/#\/schema\/logo\/image\/","url":"https:\/\/www.campolinacantoverde.com.br\/home\/wp-content\/uploads\/2022\/03\/novo-logo-ccv2.png","contentUrl":"https:\/\/www.campolinacantoverde.com.br\/home\/wp-content\/uploads\/2022\/03\/novo-logo-ccv2.png","width":218,"height":174,"caption":"Campolina Canto Verde"},"image":{"@id":"https:\/\/www.campolinacantoverde.com.br\/home\/#\/schema\/logo\/image\/"},"sameAs":["https:\/\/www.facebook.com\/campolinacantoverde\/","https:\/\/www.instagram.com\/campolinacantoverde\/","https:\/\/www.youtube.com\/channel\/UCFur52oArtqNHvdCzCK4jDw"]}]}},"_links":{"self":[{"href":"https:\/\/www.campolinacantoverde.com.br\/home\/wp-json\/wp\/v2\/pages\/349284","targetHints":{"allow":["GET"]}}],"collection":[{"href":"https:\/\/www.campolinacantoverde.com.br\/home\/wp-json\/wp\/v2\/pages"}],"about":[{"href":"https:\/\/www.campolinacantoverde.com.br\/home\/wp-json\/wp\/v2\/types\/page"}],"author":[{"embeddable":true,"href":"https:\/\/www.campolinacantoverde.com.br\/home\/wp-json\/wp\/v2\/users\/1"}],"replies":[{"embeddable":true,"href":"https:\/\/www.campolinacantoverde.com.br\/home\/wp-json\/wp\/v2\/comments?post=349284"}],"version-history":[{"count":76,"href":"https:\/\/www.campolinacantoverde.com.br\/home\/wp-json\/wp\/v2\/pages\/349284\/revisions"}],"predecessor-version":[{"id":350243,"href":"https:\/\/www.campolinacantoverde.com.br\/home\/wp-json\/wp\/v2\/pages\/349284\/revisions\/350243"}],"wp:attachment":[{"href":"https:\/\/www.campolinacantoverde.com.br\/home\/wp-json\/wp\/v2\/media?parent=349284"}],"curies":[{"name":"wp","href":"https:\/\/api.w.org\/{rel}","templated":true}]}}