{"id":349143,"date":"2020-01-02T19:12:51","date_gmt":"2020-01-02T19:12:51","guid":{"rendered":"https:\/\/www.campolinacantoverde.com.br\/home\/?page_id=349143"},"modified":"2023-02-01T12:51:51","modified_gmt":"2023-02-01T12:51:51","slug":"o-rcv","status":"publish","type":"page","link":"https:\/\/www.campolinacantoverde.com.br\/home\/o-rcv\/","title":{"rendered":"Rancho Canto Verde"},"content":{"rendered":"<section class=\"wpb-content-wrapper\"><p>[vc_row css=&#8221;.vc_custom_1585607116328{background-color: #f5f5f5 !important;}&#8221;][vc_column][vc_empty_space height=&#8221;50px&#8221;][vc_custom_heading text=&#8221;O nome&#8221; font_container=&#8221;tag:h2|text_align:center&#8221; use_theme_fonts=&#8221;yes&#8221;][vc_column_text css=&#8221;.vc_custom_1585012744249{margin-top: 20px !important;margin-bottom: 20px !important;}&#8221;]<\/p>\n<h4 class=\"vc_custom_heading wpb_animate_when_almost_visible wpb_fadeInUp fadeInUp wpb_start_animation animated\" style=\"text-align: center;\"><em><strong><span style=\"font-size: 10pt;\">Texto por: Carolina Benvegnu Nahime Nacif<\/span><\/strong><\/em><\/h4>\n<p>[\/vc_column_text][vc_column_text css=&#8221;.vc_custom_1587079523894{margin-top: 20px !important;margin-bottom: 20px !important;}&#8221;]<\/p>\n<p class=\"p1\" style=\"text-align: justify;\"><span class=\"s1\"><span style=\"font-size: 14pt;\">O nome RANCHO CANTO VERDE \u00e9 oriundo de S\u00edtio Canto Verde que foi o nome escolhido pela minha m\u00e3e Edna, para a primeira propriedade rural da fam\u00edlia que se localizava em S\u00e3o Jos\u00e9 dos Campos. A transforma\u00e7\u00e3o para \u201cRANCHO\u201d aconteceu em Ca\u00e7apava- SP, ap\u00f3s o in\u00edcio das atividades ligadas ao cavalo de esporte da ra\u00e7a Quarto de Milha.<\/span> <\/span><\/p>\n<p>[\/vc_column_text][vc_empty_space][\/vc_column][\/vc_row][vc_row css=&#8221;.vc_custom_1584664858229{background-color: #f5f5f5 !important;}&#8221;][vc_column width=&#8221;1\/2&#8243;][vc_single_image image=&#8221;349535&#8243; img_size=&#8221;full&#8221; alignment=&#8221;center&#8221; css_animation=&#8221;fadeInDown&#8221;][\/vc_column][vc_column width=&#8221;1\/2&#8243;][vc_single_image image=&#8221;349539&#8243; img_size=&#8221;full&#8221; alignment=&#8221;center&#8221; css_animation=&#8221;fadeInDown&#8221;][\/vc_column][\/vc_row][vc_row][vc_column][vc_custom_heading text=&#8221;O sonho&#8221; font_container=&#8221;tag:h2|text_align:center&#8221; use_theme_fonts=&#8221;yes&#8221;][vc_row_inner][vc_column_inner width=&#8221;1\/2&#8243;][vc_column_text css=&#8221;.vc_custom_1587079550594{margin-top: 20px !important;margin-bottom: 20px !important;}&#8221;]<\/p>\n<p class=\"p1\" style=\"text-align: justify;\"><span class=\"s1\" style=\"font-size: 14pt;\">Esta hist\u00f3ria se inicia em outubro de 1988, atrav\u00e9s de muito trabalho e dedica\u00e7\u00e3o do meu pai Nahime e da minha m\u00e3e Edna. Eles compraram um terreno completamente &#8220;pelado&#8221;, que era arrendado pelo antigo dono para planta\u00e7\u00e3o de mandioca, feij\u00e3o, etc. e por isso n\u00e3o havia no local, nem sequer \u00e1rvores, e com muita perseveran\u00e7a e trabalho foram transformando cada pedacinho at\u00e9 criarem o RANCHO CANTO VERDE. Esta transforma\u00e7\u00e3o teve como base um sonho, principalmente do meu pai! Me lembro como se fosse hoje ele me falando: &#8220;aos 50 anos eu quero estar morando no S\u00edtio!!\u201d Eu brincava com ele, pois na \u00e9poca, era completamente invi\u00e1vel essa possibilidade. Mas mesmo assim ele dizia que o Universo nos escuta, e n\u00e3o importava a forma como isso iria acontecer ou o caminho que teria que percorrer, o importante era acreditar e ter vontade real! Meu pai, sempre perfeccionista como um bom sagitariano, e muito caprichoso, como um bom engenheiro, fazia tudo da melhor forma poss\u00edvel. O objetivo de vida do meu pai era morar no s\u00edtio e sobreviver da atividade rural e isso se concretizou a partir de 2004.<\/span><\/p>\n<p>[\/vc_column_text][\/vc_column_inner][vc_column_inner width=&#8221;1\/2&#8243;][vc_single_image image=&#8221;349538&#8243; img_size=&#8221;full&#8221; alignment=&#8221;center&#8221; css_animation=&#8221;fadeInDown&#8221;][\/vc_column_inner][\/vc_row_inner][vc_empty_space][\/vc_column][\/vc_row][vc_row css=&#8221;.vc_custom_1584664858229{background-color: #f5f5f5 !important;}&#8221;][vc_column][vc_custom_heading text=&#8221;As fases&#8221; font_container=&#8221;tag:h2|text_align:center&#8221; use_theme_fonts=&#8221;yes&#8221;][vc_empty_space][\/vc_column][\/vc_row][vc_row][vc_column][vc_custom_heading text=&#8221;Gado de leite&#8221; font_container=&#8221;tag:h2|text_align:center&#8221; use_theme_fonts=&#8221;yes&#8221;][vc_column_text css=&#8221;.vc_custom_1587079579615{margin-top: 20px !important;margin-bottom: 20px !important;}&#8221;]<\/p>\n<p class=\"p1\" style=\"text-align: justify;\"><span class=\"s1\" style=\"font-size: 14pt;\">O Rancho passou por diversas fases, por muitos anos em parceria com meu tio \u201cBoco\u201d (<i>in memoriam<\/i>) &#8211; irm\u00e3o da minha m\u00e3e, que se tornou o bra\u00e7o direito e esquerdo do meu pai! Ele tocava o dia-a-dia do Rancho, era o gerente de tudo, e sem sombra de d\u00favidas contribuiu muito com esta hist\u00f3ria.<\/span><\/p>\n<p class=\"p1\" style=\"text-align: justify;\"><span class=\"s1\" style=\"font-size: 14pt;\">Inicialmente foi montado a estrutura para gado leiteiro que se intensificou com a cria\u00e7\u00e3o de gado holand\u00eas PO, sendo alguns animais trazidos diretamente do Canad\u00e1 para o desenvolvimento da ra\u00e7a na regi\u00e3o. Hoje mantemos o gado de leite da ra\u00e7a Girolando.<\/span><\/p>\n<p>[\/vc_column_text][vc_empty_space][vc_row_inner][vc_column_inner width=&#8221;1\/2&#8243;][vc_single_image image=&#8221;349557&#8243; img_size=&#8221;full&#8221; alignment=&#8221;center&#8221; css_animation=&#8221;fadeInDown&#8221;][\/vc_column_inner][vc_column_inner width=&#8221;1\/2&#8243;][vc_single_image image=&#8221;349559&#8243; img_size=&#8221;full&#8221; alignment=&#8221;center&#8221; css_animation=&#8221;fadeInDown&#8221;][\/vc_column_inner][\/vc_row_inner][\/vc_column][\/vc_row][vc_row css=&#8221;.vc_custom_1584664858229{background-color: #f5f5f5 !important;}&#8221;][vc_column][vc_custom_heading text=&#8221;O cavalo&#8221; font_container=&#8221;tag:h2|text_align:center&#8221; use_theme_fonts=&#8221;yes&#8221;][vc_column_text css=&#8221;.vc_custom_1587426505113{margin-top: 20px !important;margin-bottom: 20px !important;}&#8221;]<\/p>\n<p class=\"p1\" style=\"text-align: justify;\"><span class=\"s1\" style=\"font-size: 14pt;\">Tamb\u00e9m fomos ber\u00e7o de cavalos da ra\u00e7a Mangalarga Paulista, com uma cria\u00e7\u00e3o razoavelmente grande na \u00e9poca. Per\u00edodo em que eu (Carolina) e meus irm\u00e3os, Eduardo e Henrique aprendemos a montar a cavalo, surgindo a paix\u00e3o em todos n\u00f3s! Cavalgadas, exposi\u00e7\u00f5es, provas\u2026 mas que com o tempo e as necessidades econ\u00f4micas fizeram com que fic\u00e1ssemos apenas com alguns animais para uso em cavalgadas. <\/span><\/p>\n<p class=\"p1\" style=\"text-align: justify;\"><span class=\"s1\" style=\"font-size: 14pt;\">Paralelamente a isso, n\u00f3s, os filhos, est\u00e1vamos crescendo, cada um com os seus sonhos. <\/span><\/p>\n<p class=\"p1\" style=\"text-align: justify;\"><span class=\"s1\" style=\"font-size: 14pt;\">Em meados de 1999, meu pai foi procurado por pessoas que tinham interesse em alugar a estrutura para alojamento de cavalos e isto aconteceu por aproximadamente um ano. <\/span><\/p>\n<p class=\"p1\" style=\"text-align: justify;\"><span class=\"s1\" style=\"font-size: 14pt;\">O Eduardo sempre apaixonado pelo esporte La\u00e7o de Bezerro, influenciou diretamente meu pai para transformar o campo de futebol \u201csocyte\u201d do Rancho, em uma pista de provas e treinamento. Foi quando surgiu a paix\u00e3o pelo cavalo Quarto de Milha, e o in\u00edcio dos esportes equestres no Rancho Canto Verde.<\/span><\/p>\n<p class=\"p1\" style=\"text-align: justify;\"><span class=\"s1\" style=\"font-size: 14pt;\">No in\u00edcio de 2001, meu pai iniciou a realiza\u00e7\u00e3o do sonho do Eduardo, transformando o campo de futebol em pista de provas e ali iniciamos as atividades nas modalidades La\u00e7o de Bezerro e Tr\u00eas Tambores. Meu pai dedicou uma boa parte do tempo na organiza\u00e7\u00e3o de campeonatos regionais, focando principalmente na modalidade La\u00e7o de Bezerro. A Copa Vale de La\u00e7o de Bezerro \u00e0 \u00e9poca era considerada o melhor campeonato do Brasil e n\u00f3s receb\u00edamos no Rancho, competidores de todo o Brasil. <\/span><\/p>\n<p class=\"p1\" style=\"text-align: justify;\"><span class=\"s1\" style=\"font-size: 14pt;\">Dali para frente, as coisas aconteceram de forma direcionada para que o S\u00edtio Canto Verde passasse a ser o RANCHO CANTO VERDE com a voca\u00e7\u00e3o de proporcionar a integra\u00e7\u00e3o homem-animal. Por conta disso, o Rancho intensificou as atividades de hospedagem e treinamento para cavalos, aulas de equita\u00e7\u00e3o, cursos voltados aos esportes equestres praticados com o cavalo Quarto de Milha.<\/span><\/p>\n<p class=\"p1\" style=\"text-align: justify;\"><span class=\"s1\" style=\"font-size: 14pt;\">Em 2003, meu pai foi convidado para ser um dos fundadores da ANLB \u2013 Associa\u00e7\u00e3o Nacional do La\u00e7o de Bezerro, o que aconteceu no in\u00edcio do ano e a coordena\u00e7\u00e3o do Campeonato Nacional, ficou a cargo do meu pai que exerceu esta fun\u00e7\u00e3o por 13 anos.<\/span><\/p>\n<p class=\"p1\" style=\"text-align: justify;\"><span class=\"s1\" style=\"font-size: 14pt;\">A partir de 2017, o foco da fam\u00edlia foi intensificado nas atividades de promo\u00e7\u00e3o de eventos e a estrutura do Rancho preparada para cavalos foi arrendada at\u00e9 o in\u00edcio de 2019<\/span><\/p>\n<p>[\/vc_column_text][vc_empty_space][vc_media_grid grid_id=&#8221;vc_gid:1675255887174-687ee07d-2592-7&#8243; include=&#8221;349496,349498,349494&#8243;][\/vc_column][\/vc_row][vc_row][vc_column][vc_custom_heading text=&#8221;O Restaurante e o Espa\u00e7o Canto Verde&#8221; font_container=&#8221;tag:h2|text_align:center&#8221; use_theme_fonts=&#8221;yes&#8221;][vc_column_text css=&#8221;.vc_custom_1587079644209{margin-top: 20px !important;margin-bottom: 20px !important;}&#8221;]<\/p>\n<p class=\"p1\" style=\"text-align: justify;\"><span class=\"s1\" style=\"font-size: 14pt;\">A partir de 2008 O RANCHO foi sede do RESTAURANTE CANTO VERDE que, por 10 anos funcionou todos os finais de semana com comida da melhor qualidade e encontros deliciosos. <\/span><\/p>\n<p class=\"p1\" style=\"text-align: justify;\"><span class=\"s1\"><span style=\"font-size: 14pt;\">A partir de 2014 as instala\u00e7\u00f5es do restaurante foram ampliadas e complementadas com outras estruturas dedicada a eventos e de l\u00e1 para c\u00e1, passamos a contar com belo e completo complexo para eventos denominado ESPA\u00c7O CANTO VERDE que pode ser acompanhado atrav\u00e9s do site: <b>www.espacocantoverde.com.br<\/b>.<\/span> <\/span><\/p>\n<p>[\/vc_column_text][vc_single_image image=&#8221;349544&#8243; img_size=&#8221;full&#8221; alignment=&#8221;center&#8221; css_animation=&#8221;fadeInDown&#8221;][vc_empty_space][\/vc_column][\/vc_row][vc_row css=&#8221;.vc_custom_1584664858229{background-color: #f5f5f5 !important;}&#8221;][vc_column][vc_custom_heading text=&#8221;2020 &#8211; E agora, como estamos?&#8221; font_container=&#8221;tag:h2|text_align:center&#8221; use_theme_fonts=&#8221;yes&#8221;][vc_column_text css=&#8221;.vc_custom_1587079681917{margin-top: 20px !important;margin-bottom: 20px !important;}&#8221;]<\/p>\n<p class=\"p1\" style=\"text-align: justify;\"><span class=\"s1\" style=\"font-size: 14pt;\">Atualmente o Rancho Canto Verde conta com uma gama de setores bem distribu\u00eddos e ainda administrados pelos meus pais. Por\u00e9m o gado, bezerros, leite, transporte e muitas negocia\u00e7\u00f5es s\u00e3o muito bem administrados pelo meu irm\u00e3o Henrique. <\/span><\/p>\n<p class=\"p1\" style=\"text-align: justify;\"><span class=\"s1\" style=\"font-size: 14pt;\">O Espa\u00e7o Canto Verde \u00e9 sede de muitos eventos, casamentos, confraterniza\u00e7\u00f5es, anivers\u00e1rios, e \u00e9 administrado de forma exemplar pelo outro irm\u00e3o Eduardo. <\/span><\/p>\n<p class=\"p1\" style=\"text-align: justify;\"><span class=\"s1\" style=\"font-size: 14pt;\">No in\u00edcio de 2019 ressurge o cavalo, como uma antiga paix\u00e3o minha e do meu marido, Marcelo Nacif, que trouxe a ra\u00e7a Campolina para nos alegrar e proporcionar momentos prazerosos em fam\u00edlia. <\/span><\/p>\n<p class=\"p1\" style=\"text-align: justify;\"><span class=\"s1\" style=\"font-size: 14pt;\">A escolha da ra\u00e7a CAMPOLINA se deu por conta de uma paix\u00e3o que o Marcelo nutre desde crian\u00e7a, quando ia passar suas f\u00e9rias na fazendo do seus av\u00f3s maternos, Dr. La\u00e9rcio e Dona Peninha, na cidade de P\u00e1dua \u2013 RJ, onde eles criavam cavalos dessa ra\u00e7a, e o Marcelo interagiu muito com aqueles animais o que fez surgir nele o amor e a admira\u00e7\u00e3o por esses animais.<\/span><\/p>\n<p class=\"p1\" style=\"text-align: justify;\"><span class=\"s1\" style=\"font-size: 14pt;\">Com muita dedica\u00e7\u00e3o, aprendizagem, capacita\u00e7\u00e3o e profissionalismo o Marcelo vem dedicando sua aten\u00e7\u00e3o \u00e0 ra\u00e7a e surge o \u201cCAMPOLINA CANTO VERDE\u201d !!!<\/span><\/p>\n<p>[\/vc_column_text][vc_single_image image=&#8221;349545&#8243; img_size=&#8221;full&#8221; alignment=&#8221;center&#8221; css_animation=&#8221;fadeInDown&#8221;][vc_empty_space][\/vc_column][\/vc_row]<\/p>\n<\/section>","protected":false},"excerpt":{"rendered":"<p>[vc_row css=&#8221;.vc_custom_1585607116328{background-color: #f5f5f5 !important;}&#8221;][vc_column][vc_empty_space height=&#8221;50px&#8221;][vc_custom_heading text=&#8221;O nome&#8221; font_container=&#8221;tag:h2|text_align:center&#8221; use_theme_fonts=&#8221;yes&#8221;][vc_column_text css=&#8221;.vc_custom_1585012744249{margin-top: 20px !important;margin-bottom: 20px !important;}&#8221;] Texto por: Carolina Benvegnu Nahime Nacif [\/vc_column_text][vc_column_text css=&#8221;.vc_custom_1587079523894{margin-top: 20px !important;margin-bottom: 20px !important;}&#8221;] O nome RANCHO CANTO VERDE \u00e9 oriundo de S\u00edtio Canto Verde que foi o nome escolhido pela minha m\u00e3e Edna, para a primeira propriedade rural da fam\u00edlia que se localizava em S\u00e3o Jos\u00e9 dos Campos. A transforma\u00e7\u00e3o para \u201cRANCHO\u201d aconteceu em Ca\u00e7apava- SP, ap\u00f3s o in\u00edcio das atividades ligadas ao cavalo de esporte da ra\u00e7a Quarto de Milha. [\/vc_column_text][vc_empty_space][\/vc_column][\/vc_row][vc_row css=&#8221;.vc_custom_1584664858229{background-color: #f5f5f5 !important;}&#8221;][vc_column width=&#8221;1\/2&#8243;][vc_single_image image=&#8221;349535&#8243; img_size=&#8221;full&#8221; alignment=&#8221;center&#8221; css_animation=&#8221;fadeInDown&#8221;][\/vc_column][vc_column width=&#8221;1\/2&#8243;][vc_single_image image=&#8221;349539&#8243; img_size=&#8221;full&#8221; alignment=&#8221;center&#8221; css_animation=&#8221;fadeInDown&#8221;][\/vc_column][\/vc_row][vc_row][vc_column][vc_custom_heading text=&#8221;O sonho&#8221; &hellip; <a href=\"https:\/\/www.campolinacantoverde.com.br\/home\/o-rcv\/\">Continued<\/a><\/p>\n","protected":false},"author":1,"featured_media":0,"parent":0,"menu_order":0,"comment_status":"closed","ping_status":"closed","template":"page-fullwidth.php","meta":{"footnotes":""},"class_list":["post-349143","page","type-page","status-publish","hentry"],"yoast_head":"<!-- This site is optimized with the Yoast SEO plugin v20.2.1 - https:\/\/yoast.com\/wordpress\/plugins\/seo\/ -->\n<title>Rancho Canto Verde - Campolina Canto Verde<\/title>\n<meta name=\"robots\" content=\"noindex, follow, max-snippet:-1, max-image-preview:large, max-video-preview:-1\" \/>\n<meta property=\"og:locale\" content=\"pt_BR\" \/>\n<meta property=\"og:type\" content=\"article\" \/>\n<meta property=\"og:title\" content=\"Rancho Canto Verde - Campolina Canto Verde\" \/>\n<meta property=\"og:description\" content=\"[vc_row css=&#8221;.vc_custom_1585607116328{background-color: #f5f5f5 !important;}&#8221;][vc_column][vc_empty_space height=&#8221;50px&#8221;][vc_custom_heading text=&#8221;O nome&#8221; font_container=&#8221;tag:h2|text_align:center&#8221; use_theme_fonts=&#8221;yes&#8221;][vc_column_text css=&#8221;.vc_custom_1585012744249{margin-top: 20px !important;margin-bottom: 20px !important;}&#8221;] Texto por: Carolina Benvegnu Nahime Nacif [\/vc_column_text][vc_column_text css=&#8221;.vc_custom_1587079523894{margin-top: 20px !important;margin-bottom: 20px !important;}&#8221;] O nome RANCHO CANTO VERDE \u00e9 oriundo de S\u00edtio Canto Verde que foi o nome escolhido pela minha m\u00e3e Edna, para a primeira propriedade rural da fam\u00edlia que se localizava em S\u00e3o Jos\u00e9 dos Campos. A transforma\u00e7\u00e3o para \u201cRANCHO\u201d aconteceu em Ca\u00e7apava- SP, ap\u00f3s o in\u00edcio das atividades ligadas ao cavalo de esporte da ra\u00e7a Quarto de Milha. [\/vc_column_text][vc_empty_space][\/vc_column][\/vc_row][vc_row css=&#8221;.vc_custom_1584664858229{background-color: #f5f5f5 !important;}&#8221;][vc_column width=&#8221;1\/2&#8243;][vc_single_image image=&#8221;349535&#8243; img_size=&#8221;full&#8221; alignment=&#8221;center&#8221; css_animation=&#8221;fadeInDown&#8221;][\/vc_column][vc_column width=&#8221;1\/2&#8243;][vc_single_image image=&#8221;349539&#8243; img_size=&#8221;full&#8221; alignment=&#8221;center&#8221; css_animation=&#8221;fadeInDown&#8221;][\/vc_column][\/vc_row][vc_row][vc_column][vc_custom_heading text=&#8221;O sonho&#8221; &hellip; Continued\" \/>\n<meta property=\"og:url\" content=\"https:\/\/www.campolinacantoverde.com.br\/home\/o-rcv\/\" \/>\n<meta property=\"og:site_name\" content=\"Campolina Canto Verde\" \/>\n<meta property=\"article:publisher\" content=\"https:\/\/www.facebook.com\/campolinacantoverde\/\" \/>\n<meta property=\"article:modified_time\" content=\"2023-02-01T12:51:51+00:00\" \/>\n<meta name=\"twitter:card\" content=\"summary_large_image\" \/>\n<meta name=\"twitter:label1\" content=\"Est. tempo de leitura\" \/>\n\t<meta name=\"twitter:data1\" content=\"8 minutos\" \/>\n<script type=\"application\/ld+json\" class=\"yoast-schema-graph\">{\"@context\":\"https:\/\/schema.org\",\"@graph\":[{\"@type\":\"WebPage\",\"@id\":\"https:\/\/www.campolinacantoverde.com.br\/home\/o-rcv\/\",\"url\":\"https:\/\/www.campolinacantoverde.com.br\/home\/o-rcv\/\",\"name\":\"Rancho Canto Verde - Campolina Canto Verde\",\"isPartOf\":{\"@id\":\"https:\/\/www.campolinacantoverde.com.br\/home\/#website\"},\"datePublished\":\"2020-01-02T19:12:51+00:00\",\"dateModified\":\"2023-02-01T12:51:51+00:00\",\"breadcrumb\":{\"@id\":\"https:\/\/www.campolinacantoverde.com.br\/home\/o-rcv\/#breadcrumb\"},\"inLanguage\":\"pt-BR\",\"potentialAction\":[{\"@type\":\"ReadAction\",\"target\":[\"https:\/\/www.campolinacantoverde.com.br\/home\/o-rcv\/\"]}]},{\"@type\":\"BreadcrumbList\",\"@id\":\"https:\/\/www.campolinacantoverde.com.br\/home\/o-rcv\/#breadcrumb\",\"itemListElement\":[{\"@type\":\"ListItem\",\"position\":1,\"name\":\"In\u00edcio\",\"item\":\"https:\/\/www.campolinacantoverde.com.br\/home\/\"},{\"@type\":\"ListItem\",\"position\":2,\"name\":\"Rancho Canto Verde\"}]},{\"@type\":\"WebSite\",\"@id\":\"https:\/\/www.campolinacantoverde.com.br\/home\/#website\",\"url\":\"https:\/\/www.campolinacantoverde.com.br\/home\/\",\"name\":\"Campolina Canto Verde\",\"description\":\"Ca\u00e7apava - SP\",\"publisher\":{\"@id\":\"https:\/\/www.campolinacantoverde.com.br\/home\/#organization\"},\"potentialAction\":[{\"@type\":\"SearchAction\",\"target\":{\"@type\":\"EntryPoint\",\"urlTemplate\":\"https:\/\/www.campolinacantoverde.com.br\/home\/?s={search_term_string}\"},\"query-input\":\"required name=search_term_string\"}],\"inLanguage\":\"pt-BR\"},{\"@type\":\"Organization\",\"@id\":\"https:\/\/www.campolinacantoverde.com.br\/home\/#organization\",\"name\":\"Campolina Canto Verde\",\"url\":\"https:\/\/www.campolinacantoverde.com.br\/home\/\",\"logo\":{\"@type\":\"ImageObject\",\"inLanguage\":\"pt-BR\",\"@id\":\"https:\/\/www.campolinacantoverde.com.br\/home\/#\/schema\/logo\/image\/\",\"url\":\"https:\/\/www.campolinacantoverde.com.br\/home\/wp-content\/uploads\/2022\/03\/novo-logo-ccv2.png\",\"contentUrl\":\"https:\/\/www.campolinacantoverde.com.br\/home\/wp-content\/uploads\/2022\/03\/novo-logo-ccv2.png\",\"width\":218,\"height\":174,\"caption\":\"Campolina Canto Verde\"},\"image\":{\"@id\":\"https:\/\/www.campolinacantoverde.com.br\/home\/#\/schema\/logo\/image\/\"},\"sameAs\":[\"https:\/\/www.facebook.com\/campolinacantoverde\/\",\"https:\/\/www.instagram.com\/campolinacantoverde\/\",\"https:\/\/www.youtube.com\/channel\/UCFur52oArtqNHvdCzCK4jDw\"]}]}<\/script>\n<!-- \/ Yoast SEO plugin. -->","yoast_head_json":{"title":"Rancho Canto Verde - Campolina Canto Verde","robots":{"index":"noindex","follow":"follow","max-snippet":"max-snippet:-1","max-image-preview":"max-image-preview:large","max-video-preview":"max-video-preview:-1"},"og_locale":"pt_BR","og_type":"article","og_title":"Rancho Canto Verde - Campolina Canto Verde","og_description":"[vc_row css=&#8221;.vc_custom_1585607116328{background-color: #f5f5f5 !important;}&#8221;][vc_column][vc_empty_space height=&#8221;50px&#8221;][vc_custom_heading text=&#8221;O nome&#8221; font_container=&#8221;tag:h2|text_align:center&#8221; use_theme_fonts=&#8221;yes&#8221;][vc_column_text css=&#8221;.vc_custom_1585012744249{margin-top: 20px !important;margin-bottom: 20px !important;}&#8221;] Texto por: Carolina Benvegnu Nahime Nacif [\/vc_column_text][vc_column_text css=&#8221;.vc_custom_1587079523894{margin-top: 20px !important;margin-bottom: 20px !important;}&#8221;] O nome RANCHO CANTO VERDE \u00e9 oriundo de S\u00edtio Canto Verde que foi o nome escolhido pela minha m\u00e3e Edna, para a primeira propriedade rural da fam\u00edlia que se localizava em S\u00e3o Jos\u00e9 dos Campos. A transforma\u00e7\u00e3o para \u201cRANCHO\u201d aconteceu em Ca\u00e7apava- SP, ap\u00f3s o in\u00edcio das atividades ligadas ao cavalo de esporte da ra\u00e7a Quarto de Milha. [\/vc_column_text][vc_empty_space][\/vc_column][\/vc_row][vc_row css=&#8221;.vc_custom_1584664858229{background-color: #f5f5f5 !important;}&#8221;][vc_column width=&#8221;1\/2&#8243;][vc_single_image image=&#8221;349535&#8243; img_size=&#8221;full&#8221; alignment=&#8221;center&#8221; css_animation=&#8221;fadeInDown&#8221;][\/vc_column][vc_column width=&#8221;1\/2&#8243;][vc_single_image image=&#8221;349539&#8243; img_size=&#8221;full&#8221; alignment=&#8221;center&#8221; css_animation=&#8221;fadeInDown&#8221;][\/vc_column][\/vc_row][vc_row][vc_column][vc_custom_heading text=&#8221;O sonho&#8221; &hellip; Continued","og_url":"https:\/\/www.campolinacantoverde.com.br\/home\/o-rcv\/","og_site_name":"Campolina Canto Verde","article_publisher":"https:\/\/www.facebook.com\/campolinacantoverde\/","article_modified_time":"2023-02-01T12:51:51+00:00","twitter_card":"summary_large_image","twitter_misc":{"Est. tempo de leitura":"8 minutos"},"schema":{"@context":"https:\/\/schema.org","@graph":[{"@type":"WebPage","@id":"https:\/\/www.campolinacantoverde.com.br\/home\/o-rcv\/","url":"https:\/\/www.campolinacantoverde.com.br\/home\/o-rcv\/","name":"Rancho Canto Verde - Campolina Canto Verde","isPartOf":{"@id":"https:\/\/www.campolinacantoverde.com.br\/home\/#website"},"datePublished":"2020-01-02T19:12:51+00:00","dateModified":"2023-02-01T12:51:51+00:00","breadcrumb":{"@id":"https:\/\/www.campolinacantoverde.com.br\/home\/o-rcv\/#breadcrumb"},"inLanguage":"pt-BR","potentialAction":[{"@type":"ReadAction","target":["https:\/\/www.campolinacantoverde.com.br\/home\/o-rcv\/"]}]},{"@type":"BreadcrumbList","@id":"https:\/\/www.campolinacantoverde.com.br\/home\/o-rcv\/#breadcrumb","itemListElement":[{"@type":"ListItem","position":1,"name":"In\u00edcio","item":"https:\/\/www.campolinacantoverde.com.br\/home\/"},{"@type":"ListItem","position":2,"name":"Rancho Canto Verde"}]},{"@type":"WebSite","@id":"https:\/\/www.campolinacantoverde.com.br\/home\/#website","url":"https:\/\/www.campolinacantoverde.com.br\/home\/","name":"Campolina Canto Verde","description":"Ca\u00e7apava - SP","publisher":{"@id":"https:\/\/www.campolinacantoverde.com.br\/home\/#organization"},"potentialAction":[{"@type":"SearchAction","target":{"@type":"EntryPoint","urlTemplate":"https:\/\/www.campolinacantoverde.com.br\/home\/?s={search_term_string}"},"query-input":"required name=search_term_string"}],"inLanguage":"pt-BR"},{"@type":"Organization","@id":"https:\/\/www.campolinacantoverde.com.br\/home\/#organization","name":"Campolina Canto Verde","url":"https:\/\/www.campolinacantoverde.com.br\/home\/","logo":{"@type":"ImageObject","inLanguage":"pt-BR","@id":"https:\/\/www.campolinacantoverde.com.br\/home\/#\/schema\/logo\/image\/","url":"https:\/\/www.campolinacantoverde.com.br\/home\/wp-content\/uploads\/2022\/03\/novo-logo-ccv2.png","contentUrl":"https:\/\/www.campolinacantoverde.com.br\/home\/wp-content\/uploads\/2022\/03\/novo-logo-ccv2.png","width":218,"height":174,"caption":"Campolina Canto Verde"},"image":{"@id":"https:\/\/www.campolinacantoverde.com.br\/home\/#\/schema\/logo\/image\/"},"sameAs":["https:\/\/www.facebook.com\/campolinacantoverde\/","https:\/\/www.instagram.com\/campolinacantoverde\/","https:\/\/www.youtube.com\/channel\/UCFur52oArtqNHvdCzCK4jDw"]}]}},"_links":{"self":[{"href":"https:\/\/www.campolinacantoverde.com.br\/home\/wp-json\/wp\/v2\/pages\/349143","targetHints":{"allow":["GET"]}}],"collection":[{"href":"https:\/\/www.campolinacantoverde.com.br\/home\/wp-json\/wp\/v2\/pages"}],"about":[{"href":"https:\/\/www.campolinacantoverde.com.br\/home\/wp-json\/wp\/v2\/types\/page"}],"author":[{"embeddable":true,"href":"https:\/\/www.campolinacantoverde.com.br\/home\/wp-json\/wp\/v2\/users\/1"}],"replies":[{"embeddable":true,"href":"https:\/\/www.campolinacantoverde.com.br\/home\/wp-json\/wp\/v2\/comments?post=349143"}],"version-history":[{"count":37,"href":"https:\/\/www.campolinacantoverde.com.br\/home\/wp-json\/wp\/v2\/pages\/349143\/revisions"}],"predecessor-version":[{"id":349984,"href":"https:\/\/www.campolinacantoverde.com.br\/home\/wp-json\/wp\/v2\/pages\/349143\/revisions\/349984"}],"wp:attachment":[{"href":"https:\/\/www.campolinacantoverde.com.br\/home\/wp-json\/wp\/v2\/media?parent=349143"}],"curies":[{"name":"wp","href":"https:\/\/api.w.org\/{rel}","templated":true}]}}