{"id":349140,"date":"2020-01-02T19:11:04","date_gmt":"2020-01-02T19:11:04","guid":{"rendered":"https:\/\/www.campolinacantoverde.com.br\/home\/?page_id=349140"},"modified":"2020-04-28T12:11:34","modified_gmt":"2020-04-28T12:11:34","slug":"nossa-historia","status":"publish","type":"page","link":"https:\/\/www.campolinacantoverde.com.br\/home\/nossa-historia\/","title":{"rendered":"Nossa hist\u00f3ria"},"content":{"rendered":"<section class=\"wpb-content-wrapper\"><p>[vc_row row_type=&#8221;full&#8221; css=&#8221;.vc_custom_1577989263204{background-color: #f5f5f5 !important;}&#8221;][vc_column][vc_empty_space height=&#8221;50px&#8221;][\/vc_column][\/vc_row][vc_row css=&#8221;.vc_custom_1584664858229{background-color: #f5f5f5 !important;}&#8221;][vc_column][vc_custom_heading text=&#8221;Origem da minha paix\u00e3o pelo cavalo&#8221; font_container=&#8221;tag:h2|text_align:center&#8221; use_theme_fonts=&#8221;yes&#8221;][vc_column_text css=&#8221;.vc_custom_1585012401377{margin-top: 20px !important;margin-bottom: 20px !important;}&#8221;]<\/p>\n<h4 class=\"vc_custom_heading wpb_animate_when_almost_visible wpb_fadeInUp fadeInUp wpb_start_animation animated\" style=\"text-align: center;\"><strong><em><span style=\"font-size: 10pt;\">Texto por: Marcelo Souto Nacif \u2013 Titular do criat\u00f3rio Campolina do Canto Verde<\/span><\/em><\/strong><\/h4>\n<p>[\/vc_column_text][vc_single_image image=&#8221;349613&#8243; img_size=&#8221;full&#8221; alignment=&#8221;center&#8221; css_animation=&#8221;none&#8221;][vc_empty_space][vc_row_inner][vc_column_inner width=&#8221;1\/2&#8243;][vc_column_text css=&#8221;.vc_custom_1585697596833{margin-top: 20px !important;margin-bottom: 20px !important;}&#8221;]<\/p>\n<p class=\"p1\" style=\"text-align: justify;\"><span class=\"s1\" style=\"font-size: 14pt;\">Desde muito crian\u00e7a na \u00e9poca das f\u00e9rias o meu destino era Santo Ant\u00f4nio de P\u00e1dua (RJ). O caminho sempre foi longo com aproximadamente 500 Km da minha cidade natal, S\u00e3o Jos\u00e9 dos Campos (SP). Este percurso \u00e9 de aproximadamente 7 horas de estrada dependendo, claro, do tr\u00e2nsito e do n\u00famero de paradas. <\/span><\/p>\n<p class=\"p1\" style=\"text-align: justify;\"><span class=\"s1\" style=\"font-size: 14pt;\">Meu av\u00f4, La\u00e9rcio Lima Souto e minha av\u00f3, Maria da Penha Damian Souto, eram meus grandes anfitri\u00f5es e me davam a liberdade que qualquer menino gostaria de ter em sua inf\u00e2ncia. Tive a maior sorte do mundo de viver isso. A fazenda dos sonhos, da minha inf\u00e2ncia, ficava muito pr\u00f3ximo a Campelo, distrito de Santo Ant\u00f4nio de P\u00e1dua e possu\u00eda o nome de Fazenda Santa Margarida. Foi l\u00e1 que a paix\u00e3o pelo cavalo come\u00e7ou e meu av\u00f4 foi o grande respons\u00e1vel por tudo.<\/span><\/p>\n<p>[\/vc_column_text][\/vc_column_inner][vc_column_inner width=&#8221;1\/2&#8243;][vc_single_image image=&#8221;349470&#8243; img_size=&#8221;full&#8221; alignment=&#8221;center&#8221; css_animation=&#8221;none&#8221;][\/vc_column_inner][\/vc_row_inner][\/vc_column][\/vc_row][vc_row css=&#8221;.vc_custom_1586123420682{padding-top: 20px !important;}&#8221;][vc_column][vc_single_image image=&#8221;349614&#8243; img_size=&#8221;full&#8221; alignment=&#8221;center&#8221; css_animation=&#8221;none&#8221;][vc_empty_space][\/vc_column][\/vc_row][vc_row][vc_column][vc_custom_heading text=&#8221;A Fazenda Santa Margarida&#8221; font_container=&#8221;tag:h2|text_align:center&#8221; use_theme_fonts=&#8221;yes&#8221;][vc_column_text css=&#8221;.vc_custom_1585697890900{margin-top: 20px !important;margin-bottom: 20px !important;}&#8221;]<\/p>\n<p class=\"p1\" style=\"text-align: justify;\"><span class=\"s1\" style=\"font-size: 14pt;\">Meu av\u00f4 come\u00e7ou sua cria\u00e7\u00e3o de cavalos Campolina registrados em 1973<span class=\"Apple-converted-space\">\u00a0 <\/span>quando comprou 1 garanh\u00e3o, Leviano de S\u00e3o Pedro, e tr\u00eas \u00e9guas sendo uma a Mimosa de S\u00e3o Pedro. Achei estes dados em um levantamento na ABCCCampolina. Os primeiros animais com o sufixo Santa Margarida foram a Paloma de Santa Margarida nascida em 16\/12\/1973 e o Apolo de Santa Margarida que foi o primeiro potro nascido na fazenda, filho da Mimosa de S\u00e3o Pedro.<\/span><\/p>\n<p class=\"p1\" style=\"text-align: justify;\"><span class=\"s1\" style=\"font-size: 14pt;\">O grande reprodutor da fazenda foi o \u00c1tila de S\u00e3o Pedro que ficou com meu av\u00f4 desde o nascimento at\u00e9 o ano de 1988.<\/span><\/p>\n<p class=\"p1\" style=\"text-align: justify;\"><span class=\"s1\" style=\"font-size: 14pt;\">J\u00e1 de minha mem\u00f3ria, recordo bem dos animais Mangolinos, estes eram os cavalos para uso no dia-a-dia e para passeios. O cavalo que aprendi a montar tinha o nome de Biscoito, e acredito que n\u00e3o s\u00f3 eu mas meus irm\u00e3os e primos tamb\u00e9m aprenderam com ele.<\/span><\/p>\n<p class=\"p1\" style=\"text-align: justify;\"><span class=\"s1\" style=\"font-size: 14pt;\">Foi na fazenda que aproveitei os animais, fiz boas amizades e convivi com pessoas que constru\u00edram minha personalidade. Tamb\u00e9m foi l\u00e1 que quebrei o bra\u00e7o duas vezes caindo do cavalo, por erro meu mesmo.<\/span><\/p>\n<p>[\/vc_column_text][vc_empty_space][vc_row_inner][vc_column_inner width=&#8221;1\/2&#8243;][vc_single_image image=&#8221;349618&#8243; img_size=&#8221;full&#8221; alignment=&#8221;center&#8221; css_animation=&#8221;none&#8221;][\/vc_column_inner][vc_column_inner width=&#8221;1\/2&#8243;][vc_single_image image=&#8221;349619&#8243; img_size=&#8221;full&#8221; alignment=&#8221;center&#8221; css_animation=&#8221;none&#8221;][\/vc_column_inner][\/vc_row_inner][\/vc_column][\/vc_row][vc_row css=&#8221;.vc_custom_1584664858229{background-color: #f5f5f5 !important;}&#8221;][vc_column][vc_custom_heading text=&#8221;O afastamento&#8221; font_container=&#8221;tag:h2|text_align:center&#8221; use_theme_fonts=&#8221;yes&#8221;][vc_column_text css=&#8221;.vc_custom_1585698384200{margin-top: 20px !important;margin-bottom: 20px !important;}&#8221;]<\/p>\n<p class=\"p1\" style=\"text-align: justify;\"><span class=\"s1\" style=\"font-size: 14pt;\">O tempo das f\u00e9rias em P\u00e1dua cessou quando na adolesc\u00eancia outros interesses come\u00e7aram ficar mais importantes do que ir para Fazenda, e com isto o cavalo tamb\u00e9m foi ficando de lado.<\/span><\/p>\n<p>[\/vc_column_text][vc_empty_space][\/vc_column][\/vc_row][vc_row][vc_column][vc_custom_heading text=&#8221;A reaproxima\u00e7\u00e3o com o cavalo&#8221; font_container=&#8221;tag:h2|text_align:center&#8221; use_theme_fonts=&#8221;yes&#8221;][vc_column_text css=&#8221;.vc_custom_1588075890735{margin-top: 20px !important;margin-bottom: 20px !important;}&#8221;]<\/p>\n<p class=\"p1\" style=\"text-align: justify;\"><span class=\"s1\" style=\"font-size: 14pt;\">O destino me colocou ao lado de uma mulher guerreira, batalhadora e porque n\u00e3o tamb\u00e9m sonhadora. Ap\u00f3s um bom tempo de namoro e noivado, 9 anos, casamos em outubro de 2012 no Rancho Canto Verde em Ca\u00e7apava-SP. Todos os dias batalhamos muito pela estabilidade de emprego e pela busca constante por fazermos com amor aquilo que escolhemos. Tamb\u00e9m vieram nossos tr\u00eas filhos, Miguel, Gabriel e Rafaela que s\u00f3 iluminam nossas vidas e nos ensinam a cada segundo como o amor \u00e9 infinito. <\/span><\/p>\n<p class=\"p1\" style=\"text-align: justify;\"><span class=\"s1\" style=\"font-size: 14pt;\">Em junho de 2018, aconteceu a ExpoJacarei do Campolina Marchador e meu Tio Jo\u00e3o Tadeu Damian Souto, irm\u00e3o da minha m\u00e3e, que atualmente d\u00e1 continuidade ao sufixo da Santa Margarida me liga e me convida para acompanh\u00e1-lo na exposi\u00e7\u00e3o. <\/span><\/p>\n<p class=\"p4\" style=\"text-align: justify;\"><span class=\"s1\" style=\"font-size: 14pt;\"><span class=\"Apple-converted-space\">\u00a0 <\/span>Meu tio veio de P\u00e1dua e no dia da exposi\u00e7\u00e3o eu n\u00e3o consegui estar presente. A frustra\u00e7\u00e3o foi grande e tal fato me incomodou.<\/span><\/p>\n<p class=\"p1\" style=\"text-align: justify;\"><span class=\"s1\" style=\"font-size: 14pt;\">No dia 15 de dezembro de 2018 teve um leil\u00e3o no hotel Portobello em Mangaratiba e meu tio novamente me chamou para acompanh\u00e1-lo. Fiz quest\u00e3o de envolver meus sogros, pais, esposa, filhos e nos arrumamos para ir at\u00e9 o leil\u00e3o e tamb\u00e9m para passarmos um final de semana em fam\u00edlia. Neste leil\u00e3o me reconectei com a ra\u00e7a Campolina e tive a oportunidade de montar na Quimoleka de S\u00e3o Judas e na Thandera de S\u00e3o Judas.<\/span><\/p>\n<p>[\/vc_column_text][vc_empty_space][vc_single_image image=&#8221;349477&#8243; img_size=&#8221;full&#8221; alignment=&#8221;center&#8221; css_animation=&#8221;none&#8221;][\/vc_column][\/vc_row][vc_row css=&#8221;.vc_custom_1584664858229{background-color: #f5f5f5 !important;}&#8221;][vc_column][vc_custom_heading text=&#8221;Os caminhos para iniciar um sonho&#8221; font_container=&#8221;tag:h2|text_align:center&#8221; use_theme_fonts=&#8221;yes&#8221;][vc_column_text css=&#8221;.vc_custom_1585698540833{margin-top: 20px !important;margin-bottom: 20px !important;}&#8221;]<\/p>\n<p class=\"p1\" style=\"text-align: justify;\"><span class=\"s1\" style=\"font-size: 14pt;\">Foram alguns meses at\u00e9 a virada do ano e o in\u00edcio do novo ano h\u00edpico, com in\u00edcio das exposi\u00e7\u00f5es e leil\u00f5es. Conversei com minha esposa e chegamos a conclus\u00e3o que estava na hora de darmos para nossos filhos a oportunidade de vivenciar a rela\u00e7\u00e3o com a cria\u00e7\u00e3o de cavalos e claro, de me conectar novamente com uma paix\u00e3o de inf\u00e2ncia. Desta forma, tivemos uma boa conversa com meus sogros para podermos utilizar as baias, piquetes e estrutura do Rancho Canto Verde. <\/span><\/p>\n<p class=\"p1\" style=\"text-align: justify;\"><span class=\"s1\" style=\"font-size: 14pt;\">Tamb\u00e9m fomos a Santo Ant\u00f4nio de P\u00e1dua (RJ) para mostrar ao meu sogro de onde vinha esta rela\u00e7\u00e3o com o Campolina. Nesta viagem n\u00f3s tivemos a oportunidade de conhecer o Rancho Rocha Negra, em Cantagalo (RJ), de propriedade do tamb\u00e9m m\u00e9dico Dem\u00e9trio Rocha e o Haras Hibipeba em Val\u00e3o do Barro (RJ), de propriedade de Norival Siqueira. Em pouco tempo tive a no\u00e7\u00e3o de estar no meio da tradi\u00e7\u00e3o da ra\u00e7a Campolina. <\/span><\/p>\n<p class=\"p1\" style=\"text-align: justify;\"><span class=\"s1\" style=\"font-size: 14pt;\">Em nosso retorno para S\u00e3o Jos\u00e9 dos Campos (SP) fiz uma liga\u00e7\u00e3o intermediada por Olavo Maia (Dinho) para Josu\u00e9 Rodrigues do haras Atibainha em Atibaia (SP) para irmos conhecer um pouco mais sobre esta incr\u00edvel ra\u00e7a e sua hist\u00f3ria.<\/span><\/p>\n<p class=\"p1\" style=\"text-align: justify;\"><span class=\"s1\" style=\"font-size: 14pt;\">De l\u00e1 para c\u00e1 foram in\u00fameras visitas a diversos haras e em diversos estados como Minas Gerais, Bahia, Rio de Janeiro e S\u00e3o Paulo.<\/span><\/p>\n<p>[\/vc_column_text][vc_empty_space][vc_single_image image=&#8221;349621&#8243; img_size=&#8221;full&#8221; alignment=&#8221;center&#8221; css_animation=&#8221;none&#8221;][\/vc_column][\/vc_row][vc_row][vc_column][vc_custom_heading text=&#8221;In\u00edcio do Campolina Canto Verde&#8221; font_container=&#8221;tag:h2|text_align:center&#8221; use_theme_fonts=&#8221;yes&#8221;][vc_column_text css=&#8221;.vc_custom_1585698629483{margin-top: 20px !important;margin-bottom: 20px !important;}&#8221;]<\/p>\n<p class=\"p1\" style=\"text-align: justify;\"><span class=\"s1\" style=\"font-size: 14pt;\">Em 14 de janeiro de 2019 ap\u00f3s envio da minha proposta de admiss\u00e3o na Associa\u00e7\u00e3o Brasileira de Criadores de Cavalo Campolina foi protocolado o cadastro do meu n\u00famero de associado com a preposi\u00e7\u00e3o\/sufixo \u201cdo Canto Verde\u201d.<\/span><\/p>\n<p>[\/vc_column_text][vc_empty_space][vc_single_image image=&#8221;349622&#8243; img_size=&#8221;full&#8221; alignment=&#8221;center&#8221; css_animation=&#8221;none&#8221;][\/vc_column][\/vc_row][vc_row css=&#8221;.vc_custom_1584664858229{background-color: #f5f5f5 !important;}&#8221;][vc_column][vc_custom_heading text=&#8221;O criat\u00f3rio em fam\u00edlia&#8221; font_container=&#8221;tag:h2|text_align:center&#8221; use_theme_fonts=&#8221;yes&#8221;][vc_column_text css=&#8221;.vc_custom_1584670503060{margin-top: 20px !important;margin-bottom: 20px !important;}&#8221;]<\/p>\n<p class=\"p1\" style=\"text-align: justify;\"><span class=\"s1\" style=\"font-size: 14pt;\">Na propriedade da fam\u00edlia de minha esposa estamos buscando um ambiente de harmonia e alegria para que todos irm\u00e3os, filhos e netos se sintam felizes com a presen\u00e7a de um animal d\u00f3cil, marchador, funcional, bonito e geneticamente melhorado.<\/span><\/p>\n<p>[\/vc_column_text][vc_single_image image=&#8221;349479&#8243; img_size=&#8221;full&#8221; alignment=&#8221;center&#8221; css_animation=&#8221;fadeInDown&#8221;][vc_empty_space][\/vc_column][\/vc_row][vc_row][vc_column][vc_custom_heading text=&#8221;Meu objetivo&#8221; font_container=&#8221;tag:h2|text_align:center&#8221; use_theme_fonts=&#8221;yes&#8221;][vc_column_text css=&#8221;.vc_custom_1584670566672{margin-top: 20px !important;margin-bottom: 20px !important;}&#8221;]<\/p>\n<p class=\"p1\" style=\"text-align: justify;\"><span class=\"s1\" style=\"font-size: 14pt;\">Unir a fam\u00edlia, agregar amigos e comemorar a vida. <\/span><\/p>\n<p class=\"p1\" style=\"text-align: justify;\"><span class=\"s1\" style=\"font-size: 14pt;\">Que o cavalo ensine e transmita as mesmas energias que tive na inf\u00e2ncia para meus filhos em suas mem\u00f3rias ao longo da vida. Miguel, Gabriel e Rafaela aproveitem.<\/span><\/p>\n<p class=\"p1\" style=\"text-align: justify;\"><span class=\"s1\" style=\"font-size: 14pt;\">Para minha esposa, sei que isso ser\u00e1 muito gostoso para n\u00f3s, sempre juntos. Te amo.<\/span><\/p>\n<p>[\/vc_column_text][vc_empty_space][\/vc_column][\/vc_row][vc_row][vc_column][vc_empty_space][\/vc_column][\/vc_row]<\/p>\n<\/section>","protected":false},"excerpt":{"rendered":"<p>[vc_row row_type=&#8221;full&#8221; css=&#8221;.vc_custom_1577989263204{background-color: #f5f5f5 !important;}&#8221;][vc_column][vc_empty_space height=&#8221;50px&#8221;][\/vc_column][\/vc_row][vc_row css=&#8221;.vc_custom_1584664858229{background-color: #f5f5f5 !important;}&#8221;][vc_column][vc_custom_heading text=&#8221;Origem da minha paix\u00e3o pelo cavalo&#8221; font_container=&#8221;tag:h2|text_align:center&#8221; use_theme_fonts=&#8221;yes&#8221;][vc_column_text css=&#8221;.vc_custom_1585012401377{margin-top: 20px !important;margin-bottom: 20px !important;}&#8221;] Texto por: Marcelo Souto Nacif \u2013 Titular do criat\u00f3rio Campolina do Canto Verde [\/vc_column_text][vc_single_image image=&#8221;349613&#8243; img_size=&#8221;full&#8221; alignment=&#8221;center&#8221; css_animation=&#8221;none&#8221;][vc_empty_space][vc_row_inner][vc_column_inner width=&#8221;1\/2&#8243;][vc_column_text css=&#8221;.vc_custom_1585697596833{margin-top: 20px !important;margin-bottom: 20px !important;}&#8221;] Desde muito crian\u00e7a na \u00e9poca das f\u00e9rias o meu destino era Santo Ant\u00f4nio de P\u00e1dua (RJ). O caminho sempre foi longo com aproximadamente 500 Km da minha cidade natal, S\u00e3o Jos\u00e9 dos Campos (SP). Este percurso \u00e9 de aproximadamente 7 horas de estrada dependendo, claro, do tr\u00e2nsito e do n\u00famero de paradas. Meu av\u00f4, &hellip; <a href=\"https:\/\/www.campolinacantoverde.com.br\/home\/nossa-historia\/\">Continued<\/a><\/p>\n","protected":false},"author":1,"featured_media":0,"parent":0,"menu_order":0,"comment_status":"closed","ping_status":"closed","template":"page-fullwidth.php","meta":{"footnotes":""},"class_list":["post-349140","page","type-page","status-publish","hentry"],"yoast_head":"<!-- This site is optimized with the Yoast SEO plugin v20.2.1 - https:\/\/yoast.com\/wordpress\/plugins\/seo\/ -->\n<title>Nossa hist\u00f3ria - Campolina Canto Verde<\/title>\n<meta name=\"robots\" content=\"noindex, follow, max-snippet:-1, max-image-preview:large, max-video-preview:-1\" \/>\n<meta property=\"og:locale\" content=\"pt_BR\" \/>\n<meta property=\"og:type\" content=\"article\" \/>\n<meta property=\"og:title\" content=\"Nossa hist\u00f3ria - Campolina Canto Verde\" \/>\n<meta property=\"og:description\" content=\"[vc_row row_type=&#8221;full&#8221; css=&#8221;.vc_custom_1577989263204{background-color: #f5f5f5 !important;}&#8221;][vc_column][vc_empty_space height=&#8221;50px&#8221;][\/vc_column][\/vc_row][vc_row css=&#8221;.vc_custom_1584664858229{background-color: #f5f5f5 !important;}&#8221;][vc_column][vc_custom_heading text=&#8221;Origem da minha paix\u00e3o pelo cavalo&#8221; font_container=&#8221;tag:h2|text_align:center&#8221; use_theme_fonts=&#8221;yes&#8221;][vc_column_text css=&#8221;.vc_custom_1585012401377{margin-top: 20px !important;margin-bottom: 20px !important;}&#8221;] Texto por: Marcelo Souto Nacif \u2013 Titular do criat\u00f3rio Campolina do Canto Verde [\/vc_column_text][vc_single_image image=&#8221;349613&#8243; img_size=&#8221;full&#8221; alignment=&#8221;center&#8221; css_animation=&#8221;none&#8221;][vc_empty_space][vc_row_inner][vc_column_inner width=&#8221;1\/2&#8243;][vc_column_text css=&#8221;.vc_custom_1585697596833{margin-top: 20px !important;margin-bottom: 20px !important;}&#8221;] Desde muito crian\u00e7a na \u00e9poca das f\u00e9rias o meu destino era Santo Ant\u00f4nio de P\u00e1dua (RJ). O caminho sempre foi longo com aproximadamente 500 Km da minha cidade natal, S\u00e3o Jos\u00e9 dos Campos (SP). Este percurso \u00e9 de aproximadamente 7 horas de estrada dependendo, claro, do tr\u00e2nsito e do n\u00famero de paradas. Meu av\u00f4, &hellip; Continued\" \/>\n<meta property=\"og:url\" content=\"https:\/\/www.campolinacantoverde.com.br\/home\/nossa-historia\/\" \/>\n<meta property=\"og:site_name\" content=\"Campolina Canto Verde\" \/>\n<meta property=\"article:publisher\" content=\"https:\/\/www.facebook.com\/campolinacantoverde\/\" \/>\n<meta property=\"article:modified_time\" content=\"2020-04-28T12:11:34+00:00\" \/>\n<meta name=\"twitter:card\" content=\"summary_large_image\" \/>\n<meta name=\"twitter:label1\" content=\"Est. tempo de leitura\" \/>\n\t<meta name=\"twitter:data1\" content=\"8 minutos\" \/>\n<script type=\"application\/ld+json\" class=\"yoast-schema-graph\">{\"@context\":\"https:\/\/schema.org\",\"@graph\":[{\"@type\":\"WebPage\",\"@id\":\"https:\/\/www.campolinacantoverde.com.br\/home\/nossa-historia\/\",\"url\":\"https:\/\/www.campolinacantoverde.com.br\/home\/nossa-historia\/\",\"name\":\"Nossa hist\u00f3ria - Campolina Canto Verde\",\"isPartOf\":{\"@id\":\"https:\/\/www.campolinacantoverde.com.br\/home\/#website\"},\"datePublished\":\"2020-01-02T19:11:04+00:00\",\"dateModified\":\"2020-04-28T12:11:34+00:00\",\"breadcrumb\":{\"@id\":\"https:\/\/www.campolinacantoverde.com.br\/home\/nossa-historia\/#breadcrumb\"},\"inLanguage\":\"pt-BR\",\"potentialAction\":[{\"@type\":\"ReadAction\",\"target\":[\"https:\/\/www.campolinacantoverde.com.br\/home\/nossa-historia\/\"]}]},{\"@type\":\"BreadcrumbList\",\"@id\":\"https:\/\/www.campolinacantoverde.com.br\/home\/nossa-historia\/#breadcrumb\",\"itemListElement\":[{\"@type\":\"ListItem\",\"position\":1,\"name\":\"In\u00edcio\",\"item\":\"https:\/\/www.campolinacantoverde.com.br\/home\/\"},{\"@type\":\"ListItem\",\"position\":2,\"name\":\"Nossa hist\u00f3ria\"}]},{\"@type\":\"WebSite\",\"@id\":\"https:\/\/www.campolinacantoverde.com.br\/home\/#website\",\"url\":\"https:\/\/www.campolinacantoverde.com.br\/home\/\",\"name\":\"Campolina Canto Verde\",\"description\":\"Ca\u00e7apava - SP\",\"publisher\":{\"@id\":\"https:\/\/www.campolinacantoverde.com.br\/home\/#organization\"},\"potentialAction\":[{\"@type\":\"SearchAction\",\"target\":{\"@type\":\"EntryPoint\",\"urlTemplate\":\"https:\/\/www.campolinacantoverde.com.br\/home\/?s={search_term_string}\"},\"query-input\":\"required name=search_term_string\"}],\"inLanguage\":\"pt-BR\"},{\"@type\":\"Organization\",\"@id\":\"https:\/\/www.campolinacantoverde.com.br\/home\/#organization\",\"name\":\"Campolina Canto Verde\",\"url\":\"https:\/\/www.campolinacantoverde.com.br\/home\/\",\"logo\":{\"@type\":\"ImageObject\",\"inLanguage\":\"pt-BR\",\"@id\":\"https:\/\/www.campolinacantoverde.com.br\/home\/#\/schema\/logo\/image\/\",\"url\":\"https:\/\/www.campolinacantoverde.com.br\/home\/wp-content\/uploads\/2022\/03\/novo-logo-ccv2.png\",\"contentUrl\":\"https:\/\/www.campolinacantoverde.com.br\/home\/wp-content\/uploads\/2022\/03\/novo-logo-ccv2.png\",\"width\":218,\"height\":174,\"caption\":\"Campolina Canto Verde\"},\"image\":{\"@id\":\"https:\/\/www.campolinacantoverde.com.br\/home\/#\/schema\/logo\/image\/\"},\"sameAs\":[\"https:\/\/www.facebook.com\/campolinacantoverde\/\",\"https:\/\/www.instagram.com\/campolinacantoverde\/\",\"https:\/\/www.youtube.com\/channel\/UCFur52oArtqNHvdCzCK4jDw\"]}]}<\/script>\n<!-- \/ Yoast SEO plugin. -->","yoast_head_json":{"title":"Nossa hist\u00f3ria - Campolina Canto Verde","robots":{"index":"noindex","follow":"follow","max-snippet":"max-snippet:-1","max-image-preview":"max-image-preview:large","max-video-preview":"max-video-preview:-1"},"og_locale":"pt_BR","og_type":"article","og_title":"Nossa hist\u00f3ria - Campolina Canto Verde","og_description":"[vc_row row_type=&#8221;full&#8221; css=&#8221;.vc_custom_1577989263204{background-color: #f5f5f5 !important;}&#8221;][vc_column][vc_empty_space height=&#8221;50px&#8221;][\/vc_column][\/vc_row][vc_row css=&#8221;.vc_custom_1584664858229{background-color: #f5f5f5 !important;}&#8221;][vc_column][vc_custom_heading text=&#8221;Origem da minha paix\u00e3o pelo cavalo&#8221; font_container=&#8221;tag:h2|text_align:center&#8221; use_theme_fonts=&#8221;yes&#8221;][vc_column_text css=&#8221;.vc_custom_1585012401377{margin-top: 20px !important;margin-bottom: 20px !important;}&#8221;] Texto por: Marcelo Souto Nacif \u2013 Titular do criat\u00f3rio Campolina do Canto Verde [\/vc_column_text][vc_single_image image=&#8221;349613&#8243; img_size=&#8221;full&#8221; alignment=&#8221;center&#8221; css_animation=&#8221;none&#8221;][vc_empty_space][vc_row_inner][vc_column_inner width=&#8221;1\/2&#8243;][vc_column_text css=&#8221;.vc_custom_1585697596833{margin-top: 20px !important;margin-bottom: 20px !important;}&#8221;] Desde muito crian\u00e7a na \u00e9poca das f\u00e9rias o meu destino era Santo Ant\u00f4nio de P\u00e1dua (RJ). O caminho sempre foi longo com aproximadamente 500 Km da minha cidade natal, S\u00e3o Jos\u00e9 dos Campos (SP). Este percurso \u00e9 de aproximadamente 7 horas de estrada dependendo, claro, do tr\u00e2nsito e do n\u00famero de paradas. Meu av\u00f4, &hellip; Continued","og_url":"https:\/\/www.campolinacantoverde.com.br\/home\/nossa-historia\/","og_site_name":"Campolina Canto Verde","article_publisher":"https:\/\/www.facebook.com\/campolinacantoverde\/","article_modified_time":"2020-04-28T12:11:34+00:00","twitter_card":"summary_large_image","twitter_misc":{"Est. tempo de leitura":"8 minutos"},"schema":{"@context":"https:\/\/schema.org","@graph":[{"@type":"WebPage","@id":"https:\/\/www.campolinacantoverde.com.br\/home\/nossa-historia\/","url":"https:\/\/www.campolinacantoverde.com.br\/home\/nossa-historia\/","name":"Nossa hist\u00f3ria - Campolina Canto Verde","isPartOf":{"@id":"https:\/\/www.campolinacantoverde.com.br\/home\/#website"},"datePublished":"2020-01-02T19:11:04+00:00","dateModified":"2020-04-28T12:11:34+00:00","breadcrumb":{"@id":"https:\/\/www.campolinacantoverde.com.br\/home\/nossa-historia\/#breadcrumb"},"inLanguage":"pt-BR","potentialAction":[{"@type":"ReadAction","target":["https:\/\/www.campolinacantoverde.com.br\/home\/nossa-historia\/"]}]},{"@type":"BreadcrumbList","@id":"https:\/\/www.campolinacantoverde.com.br\/home\/nossa-historia\/#breadcrumb","itemListElement":[{"@type":"ListItem","position":1,"name":"In\u00edcio","item":"https:\/\/www.campolinacantoverde.com.br\/home\/"},{"@type":"ListItem","position":2,"name":"Nossa hist\u00f3ria"}]},{"@type":"WebSite","@id":"https:\/\/www.campolinacantoverde.com.br\/home\/#website","url":"https:\/\/www.campolinacantoverde.com.br\/home\/","name":"Campolina Canto Verde","description":"Ca\u00e7apava - SP","publisher":{"@id":"https:\/\/www.campolinacantoverde.com.br\/home\/#organization"},"potentialAction":[{"@type":"SearchAction","target":{"@type":"EntryPoint","urlTemplate":"https:\/\/www.campolinacantoverde.com.br\/home\/?s={search_term_string}"},"query-input":"required name=search_term_string"}],"inLanguage":"pt-BR"},{"@type":"Organization","@id":"https:\/\/www.campolinacantoverde.com.br\/home\/#organization","name":"Campolina Canto Verde","url":"https:\/\/www.campolinacantoverde.com.br\/home\/","logo":{"@type":"ImageObject","inLanguage":"pt-BR","@id":"https:\/\/www.campolinacantoverde.com.br\/home\/#\/schema\/logo\/image\/","url":"https:\/\/www.campolinacantoverde.com.br\/home\/wp-content\/uploads\/2022\/03\/novo-logo-ccv2.png","contentUrl":"https:\/\/www.campolinacantoverde.com.br\/home\/wp-content\/uploads\/2022\/03\/novo-logo-ccv2.png","width":218,"height":174,"caption":"Campolina Canto Verde"},"image":{"@id":"https:\/\/www.campolinacantoverde.com.br\/home\/#\/schema\/logo\/image\/"},"sameAs":["https:\/\/www.facebook.com\/campolinacantoverde\/","https:\/\/www.instagram.com\/campolinacantoverde\/","https:\/\/www.youtube.com\/channel\/UCFur52oArtqNHvdCzCK4jDw"]}]}},"_links":{"self":[{"href":"https:\/\/www.campolinacantoverde.com.br\/home\/wp-json\/wp\/v2\/pages\/349140","targetHints":{"allow":["GET"]}}],"collection":[{"href":"https:\/\/www.campolinacantoverde.com.br\/home\/wp-json\/wp\/v2\/pages"}],"about":[{"href":"https:\/\/www.campolinacantoverde.com.br\/home\/wp-json\/wp\/v2\/types\/page"}],"author":[{"embeddable":true,"href":"https:\/\/www.campolinacantoverde.com.br\/home\/wp-json\/wp\/v2\/users\/1"}],"replies":[{"embeddable":true,"href":"https:\/\/www.campolinacantoverde.com.br\/home\/wp-json\/wp\/v2\/comments?post=349140"}],"version-history":[{"count":28,"href":"https:\/\/www.campolinacantoverde.com.br\/home\/wp-json\/wp\/v2\/pages\/349140\/revisions"}],"predecessor-version":[{"id":349727,"href":"https:\/\/www.campolinacantoverde.com.br\/home\/wp-json\/wp\/v2\/pages\/349140\/revisions\/349727"}],"wp:attachment":[{"href":"https:\/\/www.campolinacantoverde.com.br\/home\/wp-json\/wp\/v2\/media?parent=349140"}],"curies":[{"name":"wp","href":"https:\/\/api.w.org\/{rel}","templated":true}]}}